{"id":2394,"date":"2022-10-26T14:26:26","date_gmt":"2022-10-26T14:26:26","guid":{"rendered":"http:\/\/www.spkatarzyna.pl\/?page_id=2394"},"modified":"2023-06-12T14:32:56","modified_gmt":"2023-06-12T14:32:56","slug":"projekt-rowni-w-przyszlosc","status":"publish","type":"page","link":"https:\/\/www.spkatarzyna.pl\/index.php\/projekt-rowni-w-przyszlosc\/","title":{"rendered":"Projekt R\u00f3wni w przysz\u0142o\u015b\u0107"},"content":{"rendered":"<p style=\"text-align: center;\"><strong>Projekt unijny \u201e R\u00d3WNI W PRZYSZ\u0141O\u015a\u0106\u201d<\/strong><\/p>\n<p><img fetchpriority=\"high\" decoding=\"async\" class=\" wp-image-16268 aligncenter\" src=\"http:\/\/archiwum.spkatarzyna.pl\/wp-content\/uploads\/2018\/02\/gggggg.png\" alt=\"\" width=\"705\" height=\"97\"><\/p>\n<p><img decoding=\"async\" class=\" wp-image-16271 aligncenter\" src=\"http:\/\/archiwum.spkatarzyna.pl\/wp-content\/uploads\/2018\/02\/logo.png\" alt=\"\" width=\"168\" height=\"181\"><\/p>\n<p style=\"text-align: center;\"><span style=\"font-size: 18pt;\"><strong>Szanowni Rodzice i Uczniowie!<\/strong><\/span><\/p>\n<p style=\"text-align: justify;\">Od wrze\u015bnia &nbsp;2022r. w naszej szkole realizowany b\u0119dzie projekt unijny pt. \u201eR\u00f3wni w przysz\u0142o\u015b\u0107 \u2013 zmniejszenie negatywnych skutk\u00f3w wywo\u0142anych epidemi\u0105 COVID-19 poprzez zapewnienie r\u00f3wnego dost\u0119pu do wysokiej jako\u015bci edukacji uczni\u00f3w ucz\u0105cych si\u0119 na terenie Gminy Siechnice w Szkole Podstawowej nr 1 w Siechnicach, Szkole Podstawowej w Radwanicach i Publicznej Szkole Podstawowej w \u015awi\u0119tej Katarzynie\u201d.<\/p>\n<p style=\"text-align: justify;\">Regionalny Program Operacyjny Wojew\u00f3dztwa Dolno\u015bl\u0105skiego 2014-2020 wsp\u00f3\u0142finansowany ze \u015brodk\u00f3w Unii Europejskiej w ramach Europejskiego Funduszu Spo\u0142ecznego.<br \/>\n<strong>Ca\u0142kowita warto\u015b\u0107 projektu: 433&nbsp;419,30 z\u0142 <\/strong><\/p>\n<p style=\"text-align: justify;\"><strong>Dofinansowanie: 368 366,79 z\u0142<\/strong><br \/>\nKonieczno\u015b\u0107 realizacji przedmiotowego projektu wynika z d\u0142ugotrwa\u0142ej pandemii COVID-19, kt\u00f3ra wymusi\u0142a zmian\u0119 formy kszta\u0142cenia dzieci i m\u0142odzie\u017cy w szko\u0142ach i plac\u00f3wkach o\u015bwiatowych. Widoczne s\u0105 tego negatywne skutki, w tym: pogarszanie si\u0119 kondycji psychicznej uczni\u00f3w i przeci\u0105\u017cenie nauczycieli prowadzeniem lekcji zdalnych.<br \/>\nCel g\u0142\u00f3wny: wzrost kompetencji kluczowych i umiej\u0119tno\u015bci uniwersalnych oraz w zakresie pomocy psychologiczno-pedagogicznej, w szczeg\u00f3lno\u015bci w celu niwelacji negatywnych skutk\u00f3w wywo\u0142anych epidemi\u0105 COVID-19, w tym deficyt\u00f3w spowodowanych d\u0142ugotrwa\u0142\u0105 nauk\u0105 zdaln\u0105, w\u015br\u00f3d 1162 uczni\u00f3w (613 dziewczynek&nbsp; i 549 ch\u0142opc\u00f3w) ucz\u0119szczaj\u0105cych do szk\u00f3\u0142: Szko\u0142y&nbsp; Podstawowej nr 1 w Siechnicach, Szkole Podstawowej w Radwanicach i \u015awi\u0119tej Katarzynie&nbsp; po COVID-19 poprzez rozszerzenie oferty edukacyjnej niniejszych szk\u00f3\u0142 od wrze\u015bnia 2022 r. do czerwca 2023 r.<\/p>\n<p style=\"text-align: justify;\"><em><strong>Cele szczeg\u00f3\u0142owe:<\/strong><\/em><\/p>\n<ul>\n<li style=\"text-align: justify;\">Podniesienie u uczni\u00f3w kompetencji kluczowych oraz w\u0142a\u015bciwych postaw i umiej\u0119tno\u015bci niezb\u0119dnych na rynku pracy oraz rozwijanie indywidualnego podej\u015bcia do ucznia, szczeg\u00f3lnie ze specjalnymi potrzebami edukacyjnymi. Realizacja zaj\u0119\u0107 dodatkowych kszta\u0142tuj\u0105cych kompetencje kluczowe uczni\u00f3w i umiej\u0119tno\u015bci potrzebne p\u00f3\u017aniej na rynku pracy.<\/li>\n<\/ul>\n<p style=\"text-align: justify;\">Dzia\u0142ania realizowane w PSP \u015aw. Katarzyna: warsztaty psychoedukacyjne Samoregulacja dla klas 4-8, Warsztaty psychoedukacyjne Dorastanie dla klas 6-8, Zaj\u0119cia rozwijaj\u0105ce umiej\u0119tno\u015bci uczenia si\u0119 dla klas 2-8 oraz wycieczki edukacyjne do ZOO we Wroc\u0142awiu dla klas 1-3, do Explora Park w Wa\u0142brzychu dla klas 4-6 oraz do kopalni Guido dla klas 7-8.<\/p>\n<p style=\"text-align: justify;\">Uczestnikiem projektu mo\u017ce zosta\u0107 wy\u0142\u0105cznie dziecko, kt\u00f3rego rodzic\/opiekun z\u0142o\u017cy poprawnie wype\u0142nion\u0105 i podpisan\u0105 deklaracj\u0119 uczestnictwa osobi\u015bcie w sekretariacie szko\u0142y lub u wychowawcy klasy i jest uczniem szko\u0142y bior\u0105cej udzia\u0142 w projekcie.<\/p>\n<p style=\"text-align: justify;\">Warunkiem uczestniczenia w projekcje jest z\u0142o\u017cenie do dnia 23 wrze\u015bnia 2022r. w sekretariacie szko\u0142y wype\u0142nionej deklaracji uczestnika projektu.<\/p>\n<p style=\"text-align: justify;\">Koordynator projektu Maria Babicka<\/p>\n<p style=\"text-align: justify;\"><u>Za\u0142\u0105czniki<\/u><\/p>\n<p style=\"text-align: justify;\"><a href=\"http:\/\/archiwum.spkatarzyna.pl\/wp-content\/uploads\/2018\/02\/Na-stron\u0119-regulamin-projektu-3-korekta.docx\">Regulamin projektu<\/a><\/p>\n<p style=\"text-align: justify;\"><a href=\"http:\/\/archiwum.spkatarzyna.pl\/wp-content\/uploads\/2018\/02\/deklaracja-3-szko\u0142y1.pdf\">Deklaracja uczestnika<\/a><\/p>\n<p><a href=\"http:\/\/www.spkatarzyna.pl\/wp-content\/uploads\/2023\/06\/Harmonogram-warsztato\u0301w-Dorastanie.docx.pdf\">Harmonogram warsztat\u00f3w Dorastanie<\/a><\/p>\n<p><a href=\"http:\/\/www.spkatarzyna.pl\/wp-content\/uploads\/2022\/11\/Harmonogram-SP-Sw.-Katarzyna.pdf\">HARMONOGRAM ZAJ\u0118\u0106 ROZWIJAJ\u0104CYCH UMIEJ\u0118TNO\u015a\u0106 UCZENIA SI\u0118 \u2013TRENING PAMI\u0118CI<\/a><\/p>\n<p><a href=\"http:\/\/www.spkatarzyna.pl\/wp-content\/uploads\/2023\/01\/Informacja-o-zajeciach-z-umiejetnosci-uczenia.pdf\">Informacja o zaj\u0119ciach z umiej\u0119tno\u015bci uczenia si\u0119, warsztatach Samoregulacja, Dorastanie<\/a><\/p>\n<p><a href=\"http:\/\/www.spkatarzyna.pl\/wp-content\/uploads\/2023\/03\/Harmonogram-SP-Swieta-Katarzyna-Samoregulacja.pdf\">Harmonogram warsztat\u00f3w Samoregulacja<\/a><\/p>\n<p><a href=\"http:\/\/www.spkatarzyna.pl\/wp-content\/uploads\/2023\/03\/Harmonogram-SP-Swieta-Katarzyna-umiejetnosc-uczenia-sie-cz.2.pdf\"> Harmonogram zaj\u0119\u0107 z umiej\u0119tno\u015bci uczenia si\u0119<\/a><\/p>\n<p><a href=\"http:\/\/www.spkatarzyna.pl\/wp-content\/uploads\/2023\/05\/harmonogram-wyjazdow.pdf\">Harmonogram wyjazd\u00f3w maj-czerwiec<\/a><\/p>\n<p>&nbsp;<\/p>\n<p>&nbsp;<\/p>\n","protected":false},"excerpt":{"rendered":"<p>Projekt unijny \u201e R\u00d3WNI W PRZYSZ\u0141O\u015a\u0106\u201d Szanowni Rodzice i Uczniowie! Od wrze\u015bnia &nbsp;2022r. w naszej szkole realizowany b\u0119dzie projekt unijny pt. \u201eR\u00f3wni w przysz\u0142o\u015b\u0107 \u2013 zmniejszenie negatywnych skutk\u00f3w wywo\u0142anych epidemi\u0105 COVID-19 poprzez zapewnienie r\u00f3wnego dost\u0119pu do wysokiej jako\u015bci edukacji uczni\u00f3w ucz\u0105cych si\u0119 na terenie Gminy Siechnice w Szkole Podstawowej nr [&hellip;]<\/p>\n","protected":false},"author":1,"featured_media":0,"parent":0,"menu_order":0,"comment_status":"closed","ping_status":"closed","template":"","meta":{"om_disable_all_campaigns":false,"_monsterinsights_skip_tracking":false,"ngg_post_thumbnail":0,"footnotes":""},"class_list":["post-2394","page","type-page","status-publish","hentry"],"aioseo_notices":[],"aioseo_head":"\n\t\t<!-- All in One SEO 5.0.1.1 - aioseo.com -->\n\t<meta name=\"description\" content=\"Projekt unijny \u201e R\u00d3WNI W PRZYSZ\u0141O\u015a\u0106\u201d Szanowni Rodzice i Uczniowie! Od wrze\u015bnia 2022r. w naszej szkole realizowany b\u0119dzie projekt unijny pt. \u201eR\u00f3wni w przysz\u0142o\u015b\u0107 \u2013 zmniejszenie negatywnych skutk\u00f3w wywo\u0142anych epidemi\u0105 COVID-19 poprzez zapewnienie r\u00f3wnego dost\u0119pu do wysokiej jako\u015bci edukacji uczni\u00f3w ucz\u0105cych si\u0119 na terenie Gminy Siechnice w Szkole Podstawowej nr 1 w Siechnicach, Szkole Podstawowej\" \/>\n\t<meta name=\"robots\" content=\"max-image-preview:large\" \/>\n\t<link rel=\"canonical\" href=\"https:\/\/www.spkatarzyna.pl\/index.php\/projekt-rowni-w-przyszlosc\/\" \/>\n\t<meta name=\"generator\" content=\"All in One SEO (AIOSEO) 5.0.1.1\" \/>\n\t\t<meta property=\"og:locale\" content=\"pl_PL\" \/>\n\t\t<meta property=\"og:site_name\" content=\"SP Katarzyna - Publiczna Szko\u0142a Podstawowa w \u015awi\u0119tej Katarzynie\" \/>\n\t\t<meta property=\"og:type\" content=\"article\" \/>\n\t\t<meta property=\"og:title\" content=\"Projekt R\u00f3wni w przysz\u0142o\u015b\u0107 - SP Katarzyna\" \/>\n\t\t<meta property=\"og:description\" content=\"Projekt unijny \u201e R\u00d3WNI W PRZYSZ\u0141O\u015a\u0106\u201d Szanowni Rodzice i Uczniowie! Od wrze\u015bnia 2022r. w naszej szkole realizowany b\u0119dzie projekt unijny pt. \u201eR\u00f3wni w przysz\u0142o\u015b\u0107 \u2013 zmniejszenie negatywnych skutk\u00f3w wywo\u0142anych epidemi\u0105 COVID-19 poprzez zapewnienie r\u00f3wnego dost\u0119pu do wysokiej jako\u015bci edukacji uczni\u00f3w ucz\u0105cych si\u0119 na terenie Gminy Siechnice w Szkole Podstawowej nr 1 w Siechnicach, Szkole Podstawowej\" \/>\n\t\t<meta property=\"og:url\" content=\"https:\/\/www.spkatarzyna.pl\/index.php\/projekt-rowni-w-przyszlosc\/\" \/>\n\t\t<meta property=\"article:published_time\" content=\"2022-10-26T14:26:26+00:00\" \/>\n\t\t<meta property=\"article:modified_time\" content=\"2023-06-12T14:32:56+00:00\" \/>\n\t\t<meta name=\"twitter:card\" content=\"summary_large_image\" \/>\n\t\t<meta name=\"twitter:title\" content=\"Projekt R\u00f3wni w przysz\u0142o\u015b\u0107 - SP Katarzyna\" \/>\n\t\t<meta name=\"twitter:description\" content=\"Projekt unijny \u201e R\u00d3WNI W PRZYSZ\u0141O\u015a\u0106\u201d Szanowni Rodzice i Uczniowie! Od wrze\u015bnia 2022r. w naszej szkole realizowany b\u0119dzie projekt unijny pt. \u201eR\u00f3wni w przysz\u0142o\u015b\u0107 \u2013 zmniejszenie negatywnych skutk\u00f3w wywo\u0142anych epidemi\u0105 COVID-19 poprzez zapewnienie r\u00f3wnego dost\u0119pu do wysokiej jako\u015bci edukacji uczni\u00f3w ucz\u0105cych si\u0119 na terenie Gminy Siechnice w Szkole Podstawowej nr 1 w Siechnicach, Szkole Podstawowej\" \/>\n\t\t<script type=\"application\/ld+json\" class=\"aioseo-schema\">\n\t\t\t{\"@context\":\"https:\\\/\\\/schema.org\",\"@graph\":[{\"@type\":\"BreadcrumbList\",\"@id\":\"https:\\\/\\\/www.spkatarzyna.pl\\\/index.php\\\/projekt-rowni-w-przyszlosc\\\/#breadcrumblist\",\"itemListElement\":[{\"@type\":\"ListItem\",\"@id\":\"https:\\\/\\\/www.spkatarzyna.pl#listItem\",\"position\":1,\"name\":\"Dom\",\"item\":\"https:\\\/\\\/www.spkatarzyna.pl\",\"nextItem\":{\"@type\":\"ListItem\",\"@id\":\"https:\\\/\\\/www.spkatarzyna.pl\\\/index.php\\\/projekt-rowni-w-przyszlosc\\\/#listItem\",\"name\":\"Projekt R\\u00f3wni w przysz\\u0142o\\u015b\\u0107\"}},{\"@type\":\"ListItem\",\"@id\":\"https:\\\/\\\/www.spkatarzyna.pl\\\/index.php\\\/projekt-rowni-w-przyszlosc\\\/#listItem\",\"position\":2,\"name\":\"Projekt R\\u00f3wni w przysz\\u0142o\\u015b\\u0107\",\"previousItem\":{\"@type\":\"ListItem\",\"@id\":\"https:\\\/\\\/www.spkatarzyna.pl#listItem\",\"name\":\"Dom\"}}]},{\"@type\":\"Organization\",\"@id\":\"https:\\\/\\\/www.spkatarzyna.pl\\\/#organization\",\"name\":\"SP Katarzyna\",\"description\":\"Publiczna Szko\\u0142a Podstawowa w \\u015awi\\u0119tej Katarzynie\",\"url\":\"https:\\\/\\\/www.spkatarzyna.pl\\\/\",\"telephone\":\"+48713116378\",\"sameAs\":[\"https:\\\/\\\/facebook.com\\\/\",\"https:\\\/\\\/x.com\\\/\",\"https:\\\/\\\/instagram.com\\\/\",\"https:\\\/\\\/pinterest.com\\\/\",\"https:\\\/\\\/youtube.com\\\/\",\"https:\\\/\\\/linkedin.com\\\/in\\\/\"]},{\"@type\":\"WebPage\",\"@id\":\"https:\\\/\\\/www.spkatarzyna.pl\\\/index.php\\\/projekt-rowni-w-przyszlosc\\\/#webpage\",\"url\":\"https:\\\/\\\/www.spkatarzyna.pl\\\/index.php\\\/projekt-rowni-w-przyszlosc\\\/\",\"name\":\"Projekt R\\u00f3wni w przysz\\u0142o\\u015b\\u0107 - SP Katarzyna\",\"description\":\"Projekt unijny \\u201e R\\u00d3WNI W PRZYSZ\\u0141O\\u015a\\u0106\\u201d Szanowni Rodzice i Uczniowie! Od wrze\\u015bnia 2022r. w naszej szkole realizowany b\\u0119dzie projekt unijny pt. \\u201eR\\u00f3wni w przysz\\u0142o\\u015b\\u0107 \\u2013 zmniejszenie negatywnych skutk\\u00f3w wywo\\u0142anych epidemi\\u0105 COVID-19 poprzez zapewnienie r\\u00f3wnego dost\\u0119pu do wysokiej jako\\u015bci edukacji uczni\\u00f3w ucz\\u0105cych si\\u0119 na terenie Gminy Siechnice w Szkole Podstawowej nr 1 w Siechnicach, Szkole Podstawowej\",\"inLanguage\":\"pl-PL\",\"isPartOf\":{\"@id\":\"https:\\\/\\\/www.spkatarzyna.pl\\\/#website\"},\"breadcrumb\":{\"@id\":\"https:\\\/\\\/www.spkatarzyna.pl\\\/index.php\\\/projekt-rowni-w-przyszlosc\\\/#breadcrumblist\"},\"datePublished\":\"2022-10-26T14:26:26+02:00\",\"dateModified\":\"2023-06-12T14:32:56+02:00\"},{\"@type\":\"WebSite\",\"@id\":\"https:\\\/\\\/www.spkatarzyna.pl\\\/#website\",\"url\":\"https:\\\/\\\/www.spkatarzyna.pl\\\/\",\"name\":\"SP Katarzyna\",\"description\":\"Publiczna Szko\\u0142a Podstawowa w \\u015awi\\u0119tej Katarzynie\",\"inLanguage\":\"pl-PL\",\"publisher\":{\"@id\":\"https:\\\/\\\/www.spkatarzyna.pl\\\/#organization\"}}]}\n\t\t<\/script>\n\t\t<!-- All in One SEO -->\n\n","aioseo_head_json":{"title":"Projekt R\u00f3wni w przysz\u0142o\u015b\u0107 - SP Katarzyna","description":"Projekt unijny \u201e R\u00d3WNI W PRZYSZ\u0141O\u015a\u0106\u201d Szanowni Rodzice i Uczniowie! Od wrze\u015bnia 2022r. w naszej szkole realizowany b\u0119dzie projekt unijny pt. \u201eR\u00f3wni w przysz\u0142o\u015b\u0107 \u2013 zmniejszenie negatywnych skutk\u00f3w wywo\u0142anych epidemi\u0105 COVID-19 poprzez zapewnienie r\u00f3wnego dost\u0119pu do wysokiej jako\u015bci edukacji uczni\u00f3w ucz\u0105cych si\u0119 na terenie Gminy Siechnice w Szkole Podstawowej nr 1 w Siechnicach, Szkole Podstawowej","canonical_url":"https:\/\/www.spkatarzyna.pl\/index.php\/projekt-rowni-w-przyszlosc\/","robots":"max-image-preview:large","keywords":"","webmasterTools":{"miscellaneous":""},"schema":{"@context":"https:\/\/schema.org","@graph":[{"@type":"BreadcrumbList","@id":"https:\/\/www.spkatarzyna.pl\/index.php\/projekt-rowni-w-przyszlosc\/#breadcrumblist","itemListElement":[{"@type":"ListItem","@id":"https:\/\/www.spkatarzyna.pl#listItem","position":1,"name":"Dom","item":"https:\/\/www.spkatarzyna.pl","nextItem":{"@type":"ListItem","@id":"https:\/\/www.spkatarzyna.pl\/index.php\/projekt-rowni-w-przyszlosc\/#listItem","name":"Projekt R\u00f3wni w przysz\u0142o\u015b\u0107"}},{"@type":"ListItem","@id":"https:\/\/www.spkatarzyna.pl\/index.php\/projekt-rowni-w-przyszlosc\/#listItem","position":2,"name":"Projekt R\u00f3wni w przysz\u0142o\u015b\u0107","previousItem":{"@type":"ListItem","@id":"https:\/\/www.spkatarzyna.pl#listItem","name":"Dom"}}]},{"@type":"Organization","@id":"https:\/\/www.spkatarzyna.pl\/#organization","name":"SP Katarzyna","description":"Publiczna Szko\u0142a Podstawowa w \u015awi\u0119tej Katarzynie","url":"https:\/\/www.spkatarzyna.pl\/","telephone":"+48713116378","sameAs":["https:\/\/facebook.com\/","https:\/\/x.com\/","https:\/\/instagram.com\/","https:\/\/pinterest.com\/","https:\/\/youtube.com\/","https:\/\/linkedin.com\/in\/"]},{"@type":"WebPage","@id":"https:\/\/www.spkatarzyna.pl\/index.php\/projekt-rowni-w-przyszlosc\/#webpage","url":"https:\/\/www.spkatarzyna.pl\/index.php\/projekt-rowni-w-przyszlosc\/","name":"Projekt R\u00f3wni w przysz\u0142o\u015b\u0107 - SP Katarzyna","description":"Projekt unijny \u201e R\u00d3WNI W PRZYSZ\u0141O\u015a\u0106\u201d Szanowni Rodzice i Uczniowie! Od wrze\u015bnia 2022r. w naszej szkole realizowany b\u0119dzie projekt unijny pt. \u201eR\u00f3wni w przysz\u0142o\u015b\u0107 \u2013 zmniejszenie negatywnych skutk\u00f3w wywo\u0142anych epidemi\u0105 COVID-19 poprzez zapewnienie r\u00f3wnego dost\u0119pu do wysokiej jako\u015bci edukacji uczni\u00f3w ucz\u0105cych si\u0119 na terenie Gminy Siechnice w Szkole Podstawowej nr 1 w Siechnicach, Szkole Podstawowej","inLanguage":"pl-PL","isPartOf":{"@id":"https:\/\/www.spkatarzyna.pl\/#website"},"breadcrumb":{"@id":"https:\/\/www.spkatarzyna.pl\/index.php\/projekt-rowni-w-przyszlosc\/#breadcrumblist"},"datePublished":"2022-10-26T14:26:26+02:00","dateModified":"2023-06-12T14:32:56+02:00"},{"@type":"WebSite","@id":"https:\/\/www.spkatarzyna.pl\/#website","url":"https:\/\/www.spkatarzyna.pl\/","name":"SP Katarzyna","description":"Publiczna Szko\u0142a Podstawowa w \u015awi\u0119tej Katarzynie","inLanguage":"pl-PL","publisher":{"@id":"https:\/\/www.spkatarzyna.pl\/#organization"}}]},"og:locale":"pl_PL","og:site_name":"SP Katarzyna - Publiczna Szko\u0142a Podstawowa w \u015awi\u0119tej Katarzynie","og:type":"article","og:title":"Projekt R\u00f3wni w przysz\u0142o\u015b\u0107 - SP Katarzyna","og:description":"Projekt unijny \u201e R\u00d3WNI W PRZYSZ\u0141O\u015a\u0106\u201d Szanowni Rodzice i Uczniowie! Od wrze\u015bnia 2022r. w naszej szkole realizowany b\u0119dzie projekt unijny pt. \u201eR\u00f3wni w przysz\u0142o\u015b\u0107 \u2013 zmniejszenie negatywnych skutk\u00f3w wywo\u0142anych epidemi\u0105 COVID-19 poprzez zapewnienie r\u00f3wnego dost\u0119pu do wysokiej jako\u015bci edukacji uczni\u00f3w ucz\u0105cych si\u0119 na terenie Gminy Siechnice w Szkole Podstawowej nr 1 w Siechnicach, Szkole Podstawowej","og:url":"https:\/\/www.spkatarzyna.pl\/index.php\/projekt-rowni-w-przyszlosc\/","article:published_time":"2022-10-26T14:26:26+00:00","article:modified_time":"2023-06-12T14:32:56+00:00","twitter:card":"summary_large_image","twitter:title":"Projekt R\u00f3wni w przysz\u0142o\u015b\u0107 - SP Katarzyna","twitter:description":"Projekt unijny \u201e R\u00d3WNI W PRZYSZ\u0141O\u015a\u0106\u201d Szanowni Rodzice i Uczniowie! Od wrze\u015bnia 2022r. w naszej szkole realizowany b\u0119dzie projekt unijny pt. \u201eR\u00f3wni w przysz\u0142o\u015b\u0107 \u2013 zmniejszenie negatywnych skutk\u00f3w wywo\u0142anych epidemi\u0105 COVID-19 poprzez zapewnienie r\u00f3wnego dost\u0119pu do wysokiej jako\u015bci edukacji uczni\u00f3w ucz\u0105cych si\u0119 na terenie Gminy Siechnice w Szkole Podstawowej nr 1 w Siechnicach, Szkole Podstawowej"},"aioseo_meta_data":{"post_id":"2394","title":null,"description":null,"keywords":null,"keyphrases":null,"primary_term":null,"canonical_url":null,"og_title":null,"og_description":null,"og_object_type":"default","og_image_type":"default","og_image_url":null,"og_image_width":null,"og_image_height":null,"og_image_custom_url":null,"og_image_custom_fields":null,"og_video":null,"og_custom_url":null,"og_article_section":null,"og_article_tags":null,"twitter_use_og":false,"twitter_card":"default","twitter_image_type":"default","twitter_image_url":null,"twitter_image_custom_url":null,"twitter_image_custom_fields":null,"twitter_title":null,"twitter_description":null,"schema":{"blockGraphs":[],"customGraphs":[],"default":{"data":{"Article":[],"Course":[],"Dataset":[],"FAQPage":[],"Movie":[],"Person":[],"Product":[],"ProductReview":[],"Car":[],"Recipe":[],"Service":[],"SoftwareApplication":[],"WebPage":[]},"graphName":"","isEnabled":true},"graphs":[]},"schema_type":"default","schema_type_options":null,"pillar_content":false,"robots_default":true,"robots_noindex":false,"robots_noarchive":false,"robots_nosnippet":false,"robots_nofollow":false,"robots_noimageindex":false,"robots_noodp":false,"robots_notranslate":false,"robots_max_snippet":null,"robots_max_videopreview":null,"robots_max_imagepreview":"large","priority":null,"frequency":null,"local_seo":null,"limit_modified_date":false,"created":"2024-04-03 07:00:17","updated":"2026-09-03 13:36:20","focus_keyword":null,"additional_keywords":null,"truseo_locale":null,"ai":null,"breadcrumb_settings":null,"seo_analyzer_scan_date":null},"aioseo_breadcrumb":"<div class=\"aioseo-breadcrumbs\"><span class=\"aioseo-breadcrumb\">\n\t\t\t<a href=\"https:\/\/www.spkatarzyna.pl\" title=\"Dom\">Dom<\/a>\n\t\t<\/span><span class=\"aioseo-breadcrumb-separator\">&raquo;<\/span><span class=\"aioseo-breadcrumb\">\n\t\t\tProjekt R\u00f3wni w przysz\u0142o\u015b\u0107\n\t\t<\/span><\/div>","aioseo_breadcrumb_json":[{"label":"Dom","link":"https:\/\/www.spkatarzyna.pl"},{"label":"Projekt R\u00f3wni w przysz\u0142o\u015b\u0107","link":"https:\/\/www.spkatarzyna.pl\/index.php\/projekt-rowni-w-przyszlosc\/"}],"_links":{"self":[{"href":"https:\/\/www.spkatarzyna.pl\/index.php\/wp-json\/wp\/v2\/pages\/2394","targetHints":{"allow":["GET"]}}],"collection":[{"href":"https:\/\/www.spkatarzyna.pl\/index.php\/wp-json\/wp\/v2\/pages"}],"about":[{"href":"https:\/\/www.spkatarzyna.pl\/index.php\/wp-json\/wp\/v2\/types\/page"}],"author":[{"embeddable":true,"href":"https:\/\/www.spkatarzyna.pl\/index.php\/wp-json\/wp\/v2\/users\/1"}],"replies":[{"embeddable":true,"href":"https:\/\/www.spkatarzyna.pl\/index.php\/wp-json\/wp\/v2\/comments?post=2394"}],"version-history":[{"count":12,"href":"https:\/\/www.spkatarzyna.pl\/index.php\/wp-json\/wp\/v2\/pages\/2394\/revisions"}],"predecessor-version":[{"id":5647,"href":"https:\/\/www.spkatarzyna.pl\/index.php\/wp-json\/wp\/v2\/pages\/2394\/revisions\/5647"}],"wp:attachment":[{"href":"https:\/\/www.spkatarzyna.pl\/index.php\/wp-json\/wp\/v2\/media?parent=2394"}],"curies":[{"name":"wp","href":"https:\/\/api.w.org\/{rel}","templated":true}]}}