{"id":2605,"date":"2022-11-06T19:21:24","date_gmt":"2022-11-06T19:21:24","guid":{"rendered":"http:\/\/www.spkatarzyna.pl\/?page_id=2605"},"modified":"2023-11-19T21:48:02","modified_gmt":"2023-11-19T21:48:02","slug":"telefon-zaufani","status":"publish","type":"page","link":"https:\/\/www.spkatarzyna.pl\/index.php\/telefon-zaufani\/","title":{"rendered":"Telefon zaufania"},"content":{"rendered":"<header>\n<h1 class=\"title\" style=\"text-align: center;\"><span style=\"font-size: 14pt;\"><b><span style=\"font-size: 18pt; color: #800000;\">Drodzy uczniowie!<\/span><\/b><\/span><\/h1>\n<\/header>\n<div class=\"content clearfix\">\n<p align=\"JUSTIFY\"><span style=\"font-size: 14pt;\">Wielu z Was ka\u017cdego dnia boryka si\u0119 z hejtem \u2013 r\u00f3wnie\u017c w cyberprzestrzeni, niesprawiedliwym traktowaniem, brakiem zrozumienia, trudno\u015bciami okresu dojrzewania, uzale\u017cnieniami, samotno\u015bci\u0105, problemami przemocy r\u00f3wie\u015bniczej i domowej, nadu\u017cyciami ze strony doros\u0142ych, depresj\u0105, a tak\u017ce innymi problemami, kt\u00f3rych rozwi\u0105zanie wymaga odpowiedniego wsparcia, opieki i troski os\u00f3b doros\u0142ych.<\/span><\/p>\n<p align=\"JUSTIFY\"><span style=\"font-size: 14pt;\">W obecnym czasie szczeg\u00f3lnym wyzwaniem jest zapewnienie ochrony zdrowia psychicznego dzieci, m\u0142odzie\u017cy. Ograniczenia utrudniaj\u0105 mo\u017cliwo\u015bci uzyskania pomocy psychologicznej w sytuacji wyst\u0105pienia potrzeby jej otrzymania.<\/span><\/p>\n<h1 class=\"title\" style=\"text-align: center;\"><span style=\"font-size: 14pt;\"><b><span style=\"font-size: 18pt; color: #800000;\"><img fetchpriority=\"high\" decoding=\"async\" class=\"size-full wp-image-2606 aligncenter\" src=\"http:\/\/www.spkatarzyna.pl\/wp-content\/uploads\/2022\/11\/smile-300x241-1.png\" alt=\"\" width=\"300\" height=\"241\"><\/span><\/b><\/span><\/h1>\n<p align=\"JUSTIFY\"><span style=\"font-size: 14pt;\">Przez wzgl\u0105d na trosk\u0119 o dobro dzieci Rzecznik Praw Dziecka zainicjowa\u0142 przedsi\u0119wzi\u0119cie <b>ca\u0142odobowy Dzieci\u0119cy Telefon Zaufania \u2013 800 12 12 12 <\/b>i dedykowany m\u0142odym ludziom <b>czat internetowy \u2013 <a href=\"https:\/\/brpd.gov.pl\/sos-czat\/\">https:\/\/brpd.gov.pl\/sos-czat\/<\/a>.<\/b> Oba kana\u0142y kontakt\u00f3w prowadzone s\u0105 przez profesjonalnych psycholog\u00f3w. <b>Wspomniany telefon i czat internetowy ma charakter nieodp\u0142atny, nie wymaga r\u00f3wnie\u017c logowania ani instalowania aplikacji<\/b>. Komunikacja odbywa si\u0119 na stronie internetowej rzecznika, a obs\u0142uguj\u0105cy czat eksperci s\u0105 osobami profesjonalnie przygotowanymi do udzielania dzieci i m\u0142odzie\u017cy takiego wsparcia. Kontaktuj\u0105c si\u0119 za po\u015brednictwem tych dw\u00f3ch kana\u0142\u00f3w komunikacji mo\u017cecie uzyska\u0107 natychmiastowe wsparcie, podzieli\u0107 si\u0119 swoimi prze\u017cyciami i wsp\u00f3lnie ze wspieraj\u0105c\u0105 osob\u0105 doros\u0142\u0105 zastanowi\u0107 si\u0119 nad rozwi\u0105zaniem swoich problem\u00f3w.<\/span><\/p>\n<p align=\"JUSTIFY\"><span style=\"color: #800000; font-size: 14pt;\"><b>Dzieci\u0119cy Telefon Zaufania \u2013 800 12 12 12<\/b><\/span><\/p>\n<p align=\"JUSTIFY\"><span style=\"color: #800000; font-size: 14pt;\"><b>czat internetowy \u2013 <a style=\"color: #800000;\" href=\"https:\/\/brpd.gov.pl\/sos-czat\/\">https:\/\/brpd.gov.pl\/sos-czat\/<\/a><\/b><\/span><\/p>\n<p align=\"JUSTIFY\"><span style=\"font-size: 14pt;\"><b>Wi\u0119cej na stronie internetowej <a href=\"https:\/\/brpd.gov.pl\/2020\/12\/07\/startuje-calodobowy-dzieciecy-telefon-zaufania-iczat-internetowy\/\">https:\/\/brpd.gov.pl\/2020\/12\/07\/startuje-calodobowy-dzieciecy-telefon-zaufania-iczat-internetowy\/<\/a><\/b><\/span><\/p>\n<p align=\"JUSTIFY\"><img decoding=\"async\" src=\"https:\/\/dokumenty.mein.gov.pl\/abe046f0-ad40-404d-ab4e-97a8c2dee8b6\/ramkapomocowa.png\"><\/p>\n<p align=\"JUSTIFY\">*informacja przygotowana na podstawie listu Rzecznika Praw Dziecka<\/p>\n<\/div>\n","protected":false},"excerpt":{"rendered":"<p>Drodzy uczniowie! Wielu z Was ka\u017cdego dnia boryka si\u0119 z hejtem \u2013 r\u00f3wnie\u017c w cyberprzestrzeni, niesprawiedliwym traktowaniem, brakiem zrozumienia, trudno\u015bciami okresu dojrzewania, uzale\u017cnieniami, samotno\u015bci\u0105, problemami przemocy r\u00f3wie\u015bniczej i domowej, nadu\u017cyciami ze strony doros\u0142ych, depresj\u0105, a tak\u017ce innymi problemami, kt\u00f3rych rozwi\u0105zanie wymaga odpowiedniego wsparcia, opieki i troski os\u00f3b doros\u0142ych. W obecnym [&hellip;]<\/p>\n","protected":false},"author":6,"featured_media":0,"parent":0,"menu_order":0,"comment_status":"closed","ping_status":"closed","template":"","meta":{"om_disable_all_campaigns":false,"_monsterinsights_skip_tracking":false,"ngg_post_thumbnail":0,"footnotes":""},"class_list":["post-2605","page","type-page","status-publish","hentry"],"aioseo_notices":[],"aioseo_head":"\n\t\t<!-- All in One SEO 5.0.1.1 - aioseo.com -->\n\t<meta name=\"description\" content=\"Drodzy uczniowie! Wielu z Was ka\u017cdego dnia boryka si\u0119 z hejtem \u2013 r\u00f3wnie\u017c w cyberprzestrzeni, niesprawiedliwym traktowaniem, brakiem zrozumienia, trudno\u015bciami okresu dojrzewania, uzale\u017cnieniami, samotno\u015bci\u0105, problemami przemocy r\u00f3wie\u015bniczej i domowej, nadu\u017cyciami ze strony doros\u0142ych, depresj\u0105, a tak\u017ce innymi problemami, kt\u00f3rych rozwi\u0105zanie wymaga odpowiedniego wsparcia, opieki i troski os\u00f3b doros\u0142ych. W obecnym czasie szczeg\u00f3lnym wyzwaniem jest zapewnienie\" \/>\n\t<meta name=\"robots\" content=\"max-image-preview:large\" \/>\n\t<link rel=\"canonical\" href=\"https:\/\/www.spkatarzyna.pl\/index.php\/telefon-zaufani\/\" \/>\n\t<meta name=\"generator\" content=\"All in One SEO (AIOSEO) 5.0.1.1\" \/>\n\t\t<meta property=\"og:locale\" content=\"pl_PL\" \/>\n\t\t<meta property=\"og:site_name\" content=\"SP Katarzyna - Publiczna Szko\u0142a Podstawowa w \u015awi\u0119tej Katarzynie\" \/>\n\t\t<meta property=\"og:type\" content=\"article\" \/>\n\t\t<meta property=\"og:title\" content=\"Telefon zaufania - SP Katarzyna\" \/>\n\t\t<meta property=\"og:description\" content=\"Drodzy uczniowie! Wielu z Was ka\u017cdego dnia boryka si\u0119 z hejtem \u2013 r\u00f3wnie\u017c w cyberprzestrzeni, niesprawiedliwym traktowaniem, brakiem zrozumienia, trudno\u015bciami okresu dojrzewania, uzale\u017cnieniami, samotno\u015bci\u0105, problemami przemocy r\u00f3wie\u015bniczej i domowej, nadu\u017cyciami ze strony doros\u0142ych, depresj\u0105, a tak\u017ce innymi problemami, kt\u00f3rych rozwi\u0105zanie wymaga odpowiedniego wsparcia, opieki i troski os\u00f3b doros\u0142ych. W obecnym czasie szczeg\u00f3lnym wyzwaniem jest zapewnienie\" \/>\n\t\t<meta property=\"og:url\" content=\"https:\/\/www.spkatarzyna.pl\/index.php\/telefon-zaufani\/\" \/>\n\t\t<meta property=\"article:published_time\" content=\"2022-11-06T19:21:24+00:00\" \/>\n\t\t<meta property=\"article:modified_time\" content=\"2023-11-19T21:48:02+00:00\" \/>\n\t\t<meta name=\"twitter:card\" content=\"summary_large_image\" \/>\n\t\t<meta name=\"twitter:title\" content=\"Telefon zaufania - SP Katarzyna\" \/>\n\t\t<meta name=\"twitter:description\" content=\"Drodzy uczniowie! Wielu z Was ka\u017cdego dnia boryka si\u0119 z hejtem \u2013 r\u00f3wnie\u017c w cyberprzestrzeni, niesprawiedliwym traktowaniem, brakiem zrozumienia, trudno\u015bciami okresu dojrzewania, uzale\u017cnieniami, samotno\u015bci\u0105, problemami przemocy r\u00f3wie\u015bniczej i domowej, nadu\u017cyciami ze strony doros\u0142ych, depresj\u0105, a tak\u017ce innymi problemami, kt\u00f3rych rozwi\u0105zanie wymaga odpowiedniego wsparcia, opieki i troski os\u00f3b doros\u0142ych. W obecnym czasie szczeg\u00f3lnym wyzwaniem jest zapewnienie\" \/>\n\t\t<script type=\"application\/ld+json\" class=\"aioseo-schema\">\n\t\t\t{\"@context\":\"https:\\\/\\\/schema.org\",\"@graph\":[{\"@type\":\"BreadcrumbList\",\"@id\":\"https:\\\/\\\/www.spkatarzyna.pl\\\/index.php\\\/telefon-zaufani\\\/#breadcrumblist\",\"itemListElement\":[{\"@type\":\"ListItem\",\"@id\":\"https:\\\/\\\/www.spkatarzyna.pl#listItem\",\"position\":1,\"name\":\"Dom\",\"item\":\"https:\\\/\\\/www.spkatarzyna.pl\",\"nextItem\":{\"@type\":\"ListItem\",\"@id\":\"https:\\\/\\\/www.spkatarzyna.pl\\\/index.php\\\/telefon-zaufani\\\/#listItem\",\"name\":\"Telefon zaufania\"}},{\"@type\":\"ListItem\",\"@id\":\"https:\\\/\\\/www.spkatarzyna.pl\\\/index.php\\\/telefon-zaufani\\\/#listItem\",\"position\":2,\"name\":\"Telefon zaufania\",\"previousItem\":{\"@type\":\"ListItem\",\"@id\":\"https:\\\/\\\/www.spkatarzyna.pl#listItem\",\"name\":\"Dom\"}}]},{\"@type\":\"Organization\",\"@id\":\"https:\\\/\\\/www.spkatarzyna.pl\\\/#organization\",\"name\":\"SP Katarzyna\",\"description\":\"Publiczna Szko\\u0142a Podstawowa w \\u015awi\\u0119tej Katarzynie\",\"url\":\"https:\\\/\\\/www.spkatarzyna.pl\\\/\",\"telephone\":\"+48713116378\",\"sameAs\":[\"https:\\\/\\\/facebook.com\\\/\",\"https:\\\/\\\/x.com\\\/\",\"https:\\\/\\\/instagram.com\\\/\",\"https:\\\/\\\/pinterest.com\\\/\",\"https:\\\/\\\/youtube.com\\\/\",\"https:\\\/\\\/linkedin.com\\\/in\\\/\"]},{\"@type\":\"WebPage\",\"@id\":\"https:\\\/\\\/www.spkatarzyna.pl\\\/index.php\\\/telefon-zaufani\\\/#webpage\",\"url\":\"https:\\\/\\\/www.spkatarzyna.pl\\\/index.php\\\/telefon-zaufani\\\/\",\"name\":\"Telefon zaufania - SP Katarzyna\",\"description\":\"Drodzy uczniowie! Wielu z Was ka\\u017cdego dnia boryka si\\u0119 z hejtem \\u2013 r\\u00f3wnie\\u017c w cyberprzestrzeni, niesprawiedliwym traktowaniem, brakiem zrozumienia, trudno\\u015bciami okresu dojrzewania, uzale\\u017cnieniami, samotno\\u015bci\\u0105, problemami przemocy r\\u00f3wie\\u015bniczej i domowej, nadu\\u017cyciami ze strony doros\\u0142ych, depresj\\u0105, a tak\\u017ce innymi problemami, kt\\u00f3rych rozwi\\u0105zanie wymaga odpowiedniego wsparcia, opieki i troski os\\u00f3b doros\\u0142ych. W obecnym czasie szczeg\\u00f3lnym wyzwaniem jest zapewnienie\",\"inLanguage\":\"pl-PL\",\"isPartOf\":{\"@id\":\"https:\\\/\\\/www.spkatarzyna.pl\\\/#website\"},\"breadcrumb\":{\"@id\":\"https:\\\/\\\/www.spkatarzyna.pl\\\/index.php\\\/telefon-zaufani\\\/#breadcrumblist\"},\"datePublished\":\"2022-11-06T19:21:24+01:00\",\"dateModified\":\"2023-11-19T21:48:02+01:00\"},{\"@type\":\"WebSite\",\"@id\":\"https:\\\/\\\/www.spkatarzyna.pl\\\/#website\",\"url\":\"https:\\\/\\\/www.spkatarzyna.pl\\\/\",\"name\":\"SP Katarzyna\",\"description\":\"Publiczna Szko\\u0142a Podstawowa w \\u015awi\\u0119tej Katarzynie\",\"inLanguage\":\"pl-PL\",\"publisher\":{\"@id\":\"https:\\\/\\\/www.spkatarzyna.pl\\\/#organization\"}}]}\n\t\t<\/script>\n\t\t<!-- All in One SEO -->\n\n","aioseo_head_json":{"title":"Telefon zaufania - SP Katarzyna","description":"Drodzy uczniowie! Wielu z Was ka\u017cdego dnia boryka si\u0119 z hejtem \u2013 r\u00f3wnie\u017c w cyberprzestrzeni, niesprawiedliwym traktowaniem, brakiem zrozumienia, trudno\u015bciami okresu dojrzewania, uzale\u017cnieniami, samotno\u015bci\u0105, problemami przemocy r\u00f3wie\u015bniczej i domowej, nadu\u017cyciami ze strony doros\u0142ych, depresj\u0105, a tak\u017ce innymi problemami, kt\u00f3rych rozwi\u0105zanie wymaga odpowiedniego wsparcia, opieki i troski os\u00f3b doros\u0142ych. W obecnym czasie szczeg\u00f3lnym wyzwaniem jest zapewnienie","canonical_url":"https:\/\/www.spkatarzyna.pl\/index.php\/telefon-zaufani\/","robots":"max-image-preview:large","keywords":"","webmasterTools":{"miscellaneous":""},"schema":{"@context":"https:\/\/schema.org","@graph":[{"@type":"BreadcrumbList","@id":"https:\/\/www.spkatarzyna.pl\/index.php\/telefon-zaufani\/#breadcrumblist","itemListElement":[{"@type":"ListItem","@id":"https:\/\/www.spkatarzyna.pl#listItem","position":1,"name":"Dom","item":"https:\/\/www.spkatarzyna.pl","nextItem":{"@type":"ListItem","@id":"https:\/\/www.spkatarzyna.pl\/index.php\/telefon-zaufani\/#listItem","name":"Telefon zaufania"}},{"@type":"ListItem","@id":"https:\/\/www.spkatarzyna.pl\/index.php\/telefon-zaufani\/#listItem","position":2,"name":"Telefon zaufania","previousItem":{"@type":"ListItem","@id":"https:\/\/www.spkatarzyna.pl#listItem","name":"Dom"}}]},{"@type":"Organization","@id":"https:\/\/www.spkatarzyna.pl\/#organization","name":"SP Katarzyna","description":"Publiczna Szko\u0142a Podstawowa w \u015awi\u0119tej Katarzynie","url":"https:\/\/www.spkatarzyna.pl\/","telephone":"+48713116378","sameAs":["https:\/\/facebook.com\/","https:\/\/x.com\/","https:\/\/instagram.com\/","https:\/\/pinterest.com\/","https:\/\/youtube.com\/","https:\/\/linkedin.com\/in\/"]},{"@type":"WebPage","@id":"https:\/\/www.spkatarzyna.pl\/index.php\/telefon-zaufani\/#webpage","url":"https:\/\/www.spkatarzyna.pl\/index.php\/telefon-zaufani\/","name":"Telefon zaufania - SP Katarzyna","description":"Drodzy uczniowie! Wielu z Was ka\u017cdego dnia boryka si\u0119 z hejtem \u2013 r\u00f3wnie\u017c w cyberprzestrzeni, niesprawiedliwym traktowaniem, brakiem zrozumienia, trudno\u015bciami okresu dojrzewania, uzale\u017cnieniami, samotno\u015bci\u0105, problemami przemocy r\u00f3wie\u015bniczej i domowej, nadu\u017cyciami ze strony doros\u0142ych, depresj\u0105, a tak\u017ce innymi problemami, kt\u00f3rych rozwi\u0105zanie wymaga odpowiedniego wsparcia, opieki i troski os\u00f3b doros\u0142ych. W obecnym czasie szczeg\u00f3lnym wyzwaniem jest zapewnienie","inLanguage":"pl-PL","isPartOf":{"@id":"https:\/\/www.spkatarzyna.pl\/#website"},"breadcrumb":{"@id":"https:\/\/www.spkatarzyna.pl\/index.php\/telefon-zaufani\/#breadcrumblist"},"datePublished":"2022-11-06T19:21:24+01:00","dateModified":"2023-11-19T21:48:02+01:00"},{"@type":"WebSite","@id":"https:\/\/www.spkatarzyna.pl\/#website","url":"https:\/\/www.spkatarzyna.pl\/","name":"SP Katarzyna","description":"Publiczna Szko\u0142a Podstawowa w \u015awi\u0119tej Katarzynie","inLanguage":"pl-PL","publisher":{"@id":"https:\/\/www.spkatarzyna.pl\/#organization"}}]},"og:locale":"pl_PL","og:site_name":"SP Katarzyna - Publiczna Szko\u0142a Podstawowa w \u015awi\u0119tej Katarzynie","og:type":"article","og:title":"Telefon zaufania - SP Katarzyna","og:description":"Drodzy uczniowie! Wielu z Was ka\u017cdego dnia boryka si\u0119 z hejtem \u2013 r\u00f3wnie\u017c w cyberprzestrzeni, niesprawiedliwym traktowaniem, brakiem zrozumienia, trudno\u015bciami okresu dojrzewania, uzale\u017cnieniami, samotno\u015bci\u0105, problemami przemocy r\u00f3wie\u015bniczej i domowej, nadu\u017cyciami ze strony doros\u0142ych, depresj\u0105, a tak\u017ce innymi problemami, kt\u00f3rych rozwi\u0105zanie wymaga odpowiedniego wsparcia, opieki i troski os\u00f3b doros\u0142ych. W obecnym czasie szczeg\u00f3lnym wyzwaniem jest zapewnienie","og:url":"https:\/\/www.spkatarzyna.pl\/index.php\/telefon-zaufani\/","article:published_time":"2022-11-06T19:21:24+00:00","article:modified_time":"2023-11-19T21:48:02+00:00","twitter:card":"summary_large_image","twitter:title":"Telefon zaufania - SP Katarzyna","twitter:description":"Drodzy uczniowie! Wielu z Was ka\u017cdego dnia boryka si\u0119 z hejtem \u2013 r\u00f3wnie\u017c w cyberprzestrzeni, niesprawiedliwym traktowaniem, brakiem zrozumienia, trudno\u015bciami okresu dojrzewania, uzale\u017cnieniami, samotno\u015bci\u0105, problemami przemocy r\u00f3wie\u015bniczej i domowej, nadu\u017cyciami ze strony doros\u0142ych, depresj\u0105, a tak\u017ce innymi problemami, kt\u00f3rych rozwi\u0105zanie wymaga odpowiedniego wsparcia, opieki i troski os\u00f3b doros\u0142ych. W obecnym czasie szczeg\u00f3lnym wyzwaniem jest zapewnienie"},"aioseo_meta_data":{"post_id":"2605","title":null,"description":null,"keywords":null,"keyphrases":null,"primary_term":null,"canonical_url":null,"og_title":null,"og_description":null,"og_object_type":"default","og_image_type":"default","og_image_url":null,"og_image_width":null,"og_image_height":null,"og_image_custom_url":null,"og_image_custom_fields":null,"og_video":null,"og_custom_url":null,"og_article_section":null,"og_article_tags":null,"twitter_use_og":false,"twitter_card":"default","twitter_image_type":"default","twitter_image_url":null,"twitter_image_custom_url":null,"twitter_image_custom_fields":null,"twitter_title":null,"twitter_description":null,"schema":{"blockGraphs":[],"customGraphs":[],"default":{"data":{"Article":[],"Course":[],"Dataset":[],"FAQPage":[],"Movie":[],"Person":[],"Product":[],"ProductReview":[],"Car":[],"Recipe":[],"Service":[],"SoftwareApplication":[],"WebPage":[]},"graphName":"","isEnabled":true},"graphs":[]},"schema_type":"default","schema_type_options":null,"pillar_content":false,"robots_default":true,"robots_noindex":false,"robots_noarchive":false,"robots_nosnippet":false,"robots_nofollow":false,"robots_noimageindex":false,"robots_noodp":false,"robots_notranslate":false,"robots_max_snippet":null,"robots_max_videopreview":null,"robots_max_imagepreview":"large","priority":null,"frequency":null,"local_seo":null,"limit_modified_date":false,"created":"2024-04-03 07:02:17","updated":"2026-09-03 13:42:50","focus_keyword":null,"additional_keywords":null,"truseo_locale":null,"ai":null,"breadcrumb_settings":null,"seo_analyzer_scan_date":null},"aioseo_breadcrumb":"<div class=\"aioseo-breadcrumbs\"><span class=\"aioseo-breadcrumb\">\n\t\t\t<a href=\"https:\/\/www.spkatarzyna.pl\" title=\"Dom\">Dom<\/a>\n\t\t<\/span><span class=\"aioseo-breadcrumb-separator\">&raquo;<\/span><span class=\"aioseo-breadcrumb\">\n\t\t\tTelefon zaufania\n\t\t<\/span><\/div>","aioseo_breadcrumb_json":[{"label":"Dom","link":"https:\/\/www.spkatarzyna.pl"},{"label":"Telefon zaufania","link":"https:\/\/www.spkatarzyna.pl\/index.php\/telefon-zaufani\/"}],"_links":{"self":[{"href":"https:\/\/www.spkatarzyna.pl\/index.php\/wp-json\/wp\/v2\/pages\/2605","targetHints":{"allow":["GET"]}}],"collection":[{"href":"https:\/\/www.spkatarzyna.pl\/index.php\/wp-json\/wp\/v2\/pages"}],"about":[{"href":"https:\/\/www.spkatarzyna.pl\/index.php\/wp-json\/wp\/v2\/types\/page"}],"author":[{"embeddable":true,"href":"https:\/\/www.spkatarzyna.pl\/index.php\/wp-json\/wp\/v2\/users\/6"}],"replies":[{"embeddable":true,"href":"https:\/\/www.spkatarzyna.pl\/index.php\/wp-json\/wp\/v2\/comments?post=2605"}],"version-history":[{"count":10,"href":"https:\/\/www.spkatarzyna.pl\/index.php\/wp-json\/wp\/v2\/pages\/2605\/revisions"}],"predecessor-version":[{"id":7361,"href":"https:\/\/www.spkatarzyna.pl\/index.php\/wp-json\/wp\/v2\/pages\/2605\/revisions\/7361"}],"wp:attachment":[{"href":"https:\/\/www.spkatarzyna.pl\/index.php\/wp-json\/wp\/v2\/media?parent=2605"}],"curies":[{"name":"wp","href":"https:\/\/api.w.org\/{rel}","templated":true}]}}