{"id":2619,"date":"2022-11-06T19:36:50","date_gmt":"2022-11-06T19:36:50","guid":{"rendered":"http:\/\/www.spkatarzyna.pl\/?page_id=2619"},"modified":"2025-01-27T20:18:07","modified_gmt":"2025-01-27T20:18:07","slug":"nietypowe-zadania-domowe","status":"publish","type":"page","link":"https:\/\/www.spkatarzyna.pl\/index.php\/nietypowe-zadania-domowe\/","title":{"rendered":"Nietypowe zadania domowe"},"content":{"rendered":"\t\t<div data-elementor-type=\"wp-page\" data-elementor-id=\"2619\" class=\"elementor elementor-2619\">\n\t\t\t\t\t\t<section class=\"elementor-section elementor-top-section elementor-element elementor-element-61bb3903 elementor-section-boxed elementor-section-height-default elementor-section-height-default\" data-id=\"61bb3903\" data-element_type=\"section\">\n\t\t\t\t\t\t<div class=\"elementor-container elementor-column-gap-default\">\n\t\t\t\t\t<div class=\"elementor-column elementor-col-100 elementor-top-column elementor-element elementor-element-5f6ebac6\" data-id=\"5f6ebac6\" data-element_type=\"column\">\n\t\t\t<div class=\"elementor-widget-wrap elementor-element-populated\">\n\t\t\t\t\t\t<div class=\"elementor-element elementor-element-5b8a65d elementor-widget elementor-widget-text-editor\" data-id=\"5b8a65d\" data-element_type=\"widget\" data-widget_type=\"text-editor.default\">\n\t\t\t\t\t\t\t\t\t<h1 style=\"text-align: center;\"><em><span style=\"font-size: 18pt;\">W tym miejscu mo\u017cna obejrze\u0107 ciekawe i nietypowe prace naszych uczni\u00f3w z r\u00f3\u017cnych przedmiot\u00f3w.<\/span><\/em><\/h1>\t\t\t\t\t\t\t\t<\/div>\n\t\t\t\t<div class=\"elementor-element elementor-element-a9f29ff elementor-widget-divider--view-line elementor-widget elementor-widget-divider\" data-id=\"a9f29ff\" data-element_type=\"widget\" data-widget_type=\"divider.default\">\n\t\t\t\t\t\t\t<div class=\"elementor-divider\">\n\t\t\t<span class=\"elementor-divider-separator\">\n\t\t\t\t\t\t<\/span>\n\t\t<\/div>\n\t\t\t\t\t\t<\/div>\n\t\t\t\t<div class=\"elementor-element elementor-element-c4b9535 elementor-widget elementor-widget-heading\" data-id=\"c4b9535\" data-element_type=\"widget\" data-widget_type=\"heading.default\">\n\t\t\t\t\t<h4 class=\"elementor-heading-title elementor-size-default\">J\u0119zyk niemiecki<\/h4>\t\t\t\t<\/div>\n\t\t\t\t<div class=\"elementor-element elementor-element-9c49f6b elementor-widget elementor-widget-video\" data-id=\"9c49f6b\" data-element_type=\"widget\" data-settings=\"{&quot;video_type&quot;:&quot;hosted&quot;,&quot;controls&quot;:&quot;yes&quot;}\" data-widget_type=\"video.default\">\n\t\t\t\t\t\t\t<div class=\"e-hosted-video elementor-wrapper elementor-open-inline\">\n\t\t\t\t\t<video class=\"elementor-video\" src=\"https:\/\/www.spkatarzyna.pl\/wp-content\/uploads\/2025\/01\/Messenger_creation_BBFBE701-6184-472F-A8B5-60BC0443CDB3.mp4\" controls=\"\" preload=\"metadata\" controlsList=\"nodownload\"><\/video>\n\t\t\t\t<\/div>\n\t\t\t\t\t\t<\/div>\n\t\t\t\t<div class=\"elementor-element elementor-element-253c12b elementor-widget elementor-widget-spacer\" data-id=\"253c12b\" data-element_type=\"widget\" data-widget_type=\"spacer.default\">\n\t\t\t\t\t\t\t<div class=\"elementor-spacer\">\n\t\t\t<div class=\"elementor-spacer-inner\"><\/div>\n\t\t<\/div>\n\t\t\t\t\t\t<\/div>\n\t\t\t\t<div class=\"elementor-element elementor-element-ad8fb84 elementor-widget elementor-widget-video\" data-id=\"ad8fb84\" data-element_type=\"widget\" data-settings=\"{&quot;video_type&quot;:&quot;hosted&quot;,&quot;controls&quot;:&quot;yes&quot;}\" data-widget_type=\"video.default\">\n\t\t\t\t\t\t\t<div class=\"e-hosted-video elementor-wrapper elementor-open-inline\">\n\t\t\t\t\t<video class=\"elementor-video\" src=\"https:\/\/www.spkatarzyna.pl\/wp-content\/uploads\/2025\/01\/VID-20250117-WA0000.mp4\" controls=\"\" preload=\"metadata\" controlsList=\"nodownload\"><\/video>\n\t\t\t\t<\/div>\n\t\t\t\t\t\t<\/div>\n\t\t\t\t<div class=\"elementor-element elementor-element-2ae595f elementor-widget elementor-widget-video\" data-id=\"2ae595f\" data-element_type=\"widget\" data-settings=\"{&quot;video_type&quot;:&quot;hosted&quot;,&quot;controls&quot;:&quot;yes&quot;}\" data-widget_type=\"video.default\">\n\t\t\t\t\t\t\t<div class=\"e-hosted-video elementor-wrapper elementor-open-inline\">\n\t\t\t\t\t<video class=\"elementor-video\" src=\"https:\/\/www.spkatarzyna.pl\/wp-content\/uploads\/2025\/01\/copy_CCF8AD17-B91D-4B50-A19F-2237241B6252.mp4\" controls=\"\" preload=\"metadata\" controlsList=\"nodownload\"><\/video>\n\t\t\t\t<\/div>\n\t\t\t\t\t\t<\/div>\n\t\t\t\t<div class=\"elementor-element elementor-element-14803f1 elementor-widget elementor-widget-video\" data-id=\"14803f1\" data-element_type=\"widget\" data-settings=\"{&quot;video_type&quot;:&quot;hosted&quot;,&quot;controls&quot;:&quot;yes&quot;}\" data-widget_type=\"video.default\">\n\t\t\t\t\t\t\t<div class=\"e-hosted-video elementor-wrapper elementor-open-inline\">\n\t\t\t\t\t<video class=\"elementor-video\" src=\"https:\/\/www.spkatarzyna.pl\/wp-content\/uploads\/2025\/01\/prezentacja_gotowanie-3.mp4\" controls=\"\" preload=\"metadata\" controlsList=\"nodownload\"><\/video>\n\t\t\t\t<\/div>\n\t\t\t\t\t\t<\/div>\n\t\t\t\t<div class=\"elementor-element elementor-element-cc9624e elementor-widget elementor-widget-video\" data-id=\"cc9624e\" data-element_type=\"widget\" data-settings=\"{&quot;video_type&quot;:&quot;hosted&quot;,&quot;controls&quot;:&quot;yes&quot;}\" data-widget_type=\"video.default\">\n\t\t\t\t\t\t\t<div class=\"e-hosted-video elementor-wrapper elementor-open-inline\">\n\t\t\t\t\t<video class=\"elementor-video\" src=\"https:\/\/www.spkatarzyna.pl\/wp-content\/uploads\/2025\/01\/176f6cad-ee66-4c95-9b10-26ae225c9791-2.mp4\" controls=\"\" preload=\"metadata\" controlsList=\"nodownload\"><\/video>\n\t\t\t\t<\/div>\n\t\t\t\t\t\t<\/div>\n\t\t\t\t<div class=\"elementor-element elementor-element-23b68b4 elementor-widget elementor-widget-video\" data-id=\"23b68b4\" data-element_type=\"widget\" data-settings=\"{&quot;video_type&quot;:&quot;hosted&quot;,&quot;controls&quot;:&quot;yes&quot;}\" data-widget_type=\"video.default\">\n\t\t\t\t\t\t\t<div class=\"e-hosted-video elementor-wrapper elementor-open-inline\">\n\t\t\t\t\t<video class=\"elementor-video\" src=\"https:\/\/www.spkatarzyna.pl\/wp-content\/uploads\/2025\/01\/b7541186-519b-41ce-8cbc-0248b86a5f21-2.mp4\" controls=\"\" preload=\"metadata\" controlsList=\"nodownload\"><\/video>\n\t\t\t\t<\/div>\n\t\t\t\t\t\t<\/div>\n\t\t\t\t<div class=\"elementor-element elementor-element-fbb0392 elementor-widget-divider--view-line elementor-widget elementor-widget-divider\" data-id=\"fbb0392\" data-element_type=\"widget\" data-widget_type=\"divider.default\">\n\t\t\t\t\t\t\t<div class=\"elementor-divider\">\n\t\t\t<span class=\"elementor-divider-separator\">\n\t\t\t\t\t\t<\/span>\n\t\t<\/div>\n\t\t\t\t\t\t<\/div>\n\t\t\t\t<div class=\"elementor-element elementor-element-6145dc87 elementor-widget elementor-widget-text-editor\" data-id=\"6145dc87\" data-element_type=\"widget\" data-widget_type=\"text-editor.default\">\n\t\t\t\t\t\t\t\t\t<p><strong><span style=\"font-size: 24pt; color: #800000;\">Edukacja wczesnoszkolna<\/span><\/strong><\/p><ul><li><span style=\"font-size: 18pt;\"><a href=\"https:\/\/www.spkatarzyna.pl\/wp-content\/uploads\/2025\/01\/Bezpieczne-ferie-\uf04aLaura-Tomalkiewicz.pptx.pdf\">Bezpieczne ferie &#8211; Laura Tomalkiewicz 3a<\/a><\/span><\/li><li><span style=\"font-size: 18pt;\"><a title=\"Bezpieczne ferie - Ma\u0142gorzata G\u00f3ral 3a\" href=\"https:\/\/www.spkatarzyna.pl\/wp-content\/uploads\/2025\/01\/Bezpieczne-ferie-Gosia-Goral.pptx.pdf\">Bezpieczne ferie &#8211; Ma\u0142gorzata G\u00f3ral 3a<\/a><\/span><\/li><li><span style=\"font-size: 18pt;\"><a href=\"https:\/\/www.spkatarzyna.pl\/wp-content\/uploads\/2025\/01\/Bezpieczne-ferie-Kalina-Pietras-3a.pptx.pdf\">Bezpieczne ferie &#8211; Kalina Pietras 3a<\/a><\/span><\/li><li><span style=\"font-size: 18pt;\"><a title=\"Bezpieczne ferie - Emil Makowiecki 3a\" href=\"https:\/\/www.spkatarzyna.pl\/wp-content\/uploads\/2025\/01\/Bezpieczne-ferie.pptx.pdf\">Bezpieczne ferie &#8211; Emil Makowiecki 3a<\/a><\/span><\/li><li><span style=\"font-size: 18pt;\"><a href=\"https:\/\/www.spkatarzyna.pl\/wp-content\/uploads\/2025\/01\/Bezpieczne-ferie-Emilia-Pokorny.pptx.pdf\">Bezpieczne ferie &#8211; Emilia Pokorny 3a<\/a><\/span><\/li><\/ul><p><strong><span style=\"font-size: 24pt; color: #800000;\">Edukacja wczesnoszkolna<\/span><\/strong><\/p><p style=\"text-align: justify;\"><span style=\"font-size: 14pt;\">Przepis na dobr\u0105 zabaw\u0119 z nutk\u0105 wyobra\u017ani.<\/span><\/p><p style=\"text-align: justify;\"><span style=\"font-size: 14pt;\">Po lekcji, na kt\u00f3rej rozmawiali\u015bmy o tym jak wa\u017cna jest wyobra\u017ania w naszym \u017cyciu, klasa 3 c otrzyma\u0142a nietypowe zadanie domowe. Uczniowie mieli do dyspozycji drewnian\u0105 \u0142y\u017ck\u0119, w\u0142asn\u0105 wyobra\u017ani\u0119 i r\u00f3\u017cne elementy, kt\u00f3re uda im si\u0119 znale\u017a\u0107 w domu. Na zdj\u0119ciach\u00a0 mo\u017cna obejrze\u0107 efekty ich pracy. Jako wychowawca jestem bardzo dumna z tak kreatywnego podej\u015bcia do zadania.<\/span><\/p><p style=\"text-align: justify;\"><img fetchpriority=\"high\" decoding=\"async\" class=\"alignleft\" src=\"http:\/\/www.spkatarzyna.pl\/wp-content\/uploads\/2023\/02\/20230126_100906-225x300.jpg\" alt=\"\" width=\"202\" height=\"269\" \/><u>\u00a0 <\/u><img decoding=\"async\" src=\"http:\/\/www.spkatarzyna.pl\/wp-content\/uploads\/2023\/02\/20230126_082611-184x300.jpg\" alt=\"\" width=\"178\" height=\"290\" \/>\u00a0 \u00a0 \u00a0 \u00a0<img decoding=\"async\" src=\"http:\/\/www.spkatarzyna.pl\/wp-content\/uploads\/2023\/02\/20230126_082530-198x300.jpg\" alt=\"\" width=\"198\" height=\"300\" \/>\u00a0 \u00a0 \u00a0 \u00a0 \u00a0 <img loading=\"lazy\" decoding=\"async\" src=\"http:\/\/www.spkatarzyna.pl\/wp-content\/uploads\/2023\/02\/20230126_082552-196x300.jpg\" alt=\"\" width=\"196\" height=\"300\" \/><\/p><p>\u00a0 <img loading=\"lazy\" decoding=\"async\" src=\"http:\/\/www.spkatarzyna.pl\/wp-content\/uploads\/2023\/02\/20230126_082500-212x300.jpg\" alt=\"\" width=\"212\" height=\"300\" \/> \u00a0\u00a0 \u00a0<img loading=\"lazy\" decoding=\"async\" src=\"http:\/\/www.spkatarzyna.pl\/wp-content\/uploads\/2023\/02\/20230126_082602-300x233.jpg\" alt=\"\" width=\"300\" height=\"233\" \/>\u00a0 \u00a0 \u00a0 \u00a0 <img loading=\"lazy\" decoding=\"async\" src=\"http:\/\/www.spkatarzyna.pl\/wp-content\/uploads\/2023\/02\/20230126_082509-300x234.jpg\" alt=\"\" width=\"300\" height=\"234\" \/><\/p><header><header><header><h1>\u00a0<\/h1><\/header><\/header><div><div>\u00a0<\/div><\/div><\/header>\t\t\t\t\t\t\t\t<\/div>\n\t\t\t\t<div class=\"elementor-element elementor-element-8d02fca elementor-widget elementor-widget-template\" data-id=\"8d02fca\" data-element_type=\"widget\" data-widget_type=\"template.default\">\n\t\t\t\t<div class=\"elementor-widget-container\">\n\t\t\t\t\t\t\t<div class=\"elementor-template\">\n\t\t\t\t\t<\/div>\n\t\t\t\t\t\t<\/div>\n\t\t\t\t<\/div>\n\t\t\t\t<div class=\"elementor-element elementor-element-0a35b93 elementor-widget elementor-widget-spacer\" data-id=\"0a35b93\" data-element_type=\"widget\" data-widget_type=\"spacer.default\">\n\t\t\t\t\t\t\t<div class=\"elementor-spacer\">\n\t\t\t<div class=\"elementor-spacer-inner\"><\/div>\n\t\t<\/div>\n\t\t\t\t\t\t<\/div>\n\t\t\t\t\t<\/div>\n\t\t<\/div>\n\t\t\t\t\t<\/div>\n\t\t<\/section>\n\t\t\t\t<\/div>\n\t\t","protected":false},"excerpt":{"rendered":"<p>W tym miejscu mo\u017cna obejrze\u0107 ciekawe i nietypowe prace naszych uczni\u00f3w z r\u00f3\u017cnych przedmiot\u00f3w. J\u0119zyk niemiecki https:\/\/www.spkatarzyna.pl\/wp-content\/uploads\/2025\/01\/Messenger_creation_BBFBE701-6184-472F-A8B5-60BC0443CDB3.mp4 https:\/\/www.spkatarzyna.pl\/wp-content\/uploads\/2025\/01\/VID-20250117-WA0000.mp4https:\/\/www.spkatarzyna.pl\/wp-content\/uploads\/2025\/01\/copy_CCF8AD17-B91D-4B50-A19F-2237241B6252.mp4https:\/\/www.spkatarzyna.pl\/wp-content\/uploads\/2025\/01\/prezentacja_gotowanie-3.mp4https:\/\/www.spkatarzyna.pl\/wp-content\/uploads\/2025\/01\/176f6cad-ee66-4c95-9b10-26ae225c9791-2.mp4https:\/\/www.spkatarzyna.pl\/wp-content\/uploads\/2025\/01\/b7541186-519b-41ce-8cbc-0248b86a5f21-2.mp4 Edukacja wczesnoszkolna Bezpieczne ferie &#8211; Laura Tomalkiewicz 3a Bezpieczne ferie &#8211; Ma\u0142gorzata G\u00f3ral 3a Bezpieczne ferie &#8211; Kalina Pietras 3a Bezpieczne ferie &#8211; Emil Makowiecki 3a Bezpieczne ferie &#8211; Emilia Pokorny 3a [&hellip;]<\/p>\n","protected":false},"author":6,"featured_media":0,"parent":0,"menu_order":0,"comment_status":"closed","ping_status":"closed","template":"","meta":{"om_disable_all_campaigns":false,"_monsterinsights_skip_tracking":false,"ngg_post_thumbnail":0,"footnotes":""},"class_list":["post-2619","page","type-page","status-publish","hentry"],"aioseo_notices":[],"aioseo_head":"\n\t\t<!-- All in One SEO 5.0.1.1 - aioseo.com -->\n\t<meta name=\"description\" content=\"W tym miejscu mo\u017cna obejrze\u0107 ciekawe i nietypowe prace naszych uczni\u00f3w z r\u00f3\u017cnych przedmiot\u00f3w. J\u0119zyk niemiecki Edukacja wczesnoszkolnaBezpieczne ferie \u2013 Laura Tomalkiewicz 3aBezpieczne ferie \u2013 Ma\u0142gorzata G\u00f3ral 3aBezpieczne ferie \u2013 Kalina Pietras 3aBezpieczne ferie \u2013 Emil Makowiecki 3aBezpieczne ferie \u2013 Emilia Pokorny 3aEdukacja wczesnoszkolnaPrzepis na dobr\u0105 zabaw\u0119 z nutk\u0105 wyobra\u017ani.Po lekcji, na kt\u00f3rej rozmawiali\u015bmy o\" \/>\n\t<meta name=\"robots\" content=\"max-image-preview:large\" \/>\n\t<link rel=\"canonical\" href=\"https:\/\/www.spkatarzyna.pl\/index.php\/nietypowe-zadania-domowe\/\" \/>\n\t<meta name=\"generator\" content=\"All in One SEO (AIOSEO) 5.0.1.1\" \/>\n\t\t<meta property=\"og:locale\" content=\"pl_PL\" \/>\n\t\t<meta property=\"og:site_name\" content=\"SP Katarzyna - Publiczna Szko\u0142a Podstawowa w \u015awi\u0119tej Katarzynie\" \/>\n\t\t<meta property=\"og:type\" content=\"article\" \/>\n\t\t<meta property=\"og:title\" content=\"Nietypowe zadania domowe - SP Katarzyna\" \/>\n\t\t<meta property=\"og:description\" content=\"W tym miejscu mo\u017cna obejrze\u0107 ciekawe i nietypowe prace naszych uczni\u00f3w z r\u00f3\u017cnych przedmiot\u00f3w. J\u0119zyk niemiecki Edukacja wczesnoszkolnaBezpieczne ferie \u2013 Laura Tomalkiewicz 3aBezpieczne ferie \u2013 Ma\u0142gorzata G\u00f3ral 3aBezpieczne ferie \u2013 Kalina Pietras 3aBezpieczne ferie \u2013 Emil Makowiecki 3aBezpieczne ferie \u2013 Emilia Pokorny 3aEdukacja wczesnoszkolnaPrzepis na dobr\u0105 zabaw\u0119 z nutk\u0105 wyobra\u017ani.Po lekcji, na kt\u00f3rej rozmawiali\u015bmy o\" \/>\n\t\t<meta property=\"og:url\" content=\"https:\/\/www.spkatarzyna.pl\/index.php\/nietypowe-zadania-domowe\/\" \/>\n\t\t<meta property=\"article:published_time\" content=\"2022-11-06T19:36:50+00:00\" \/>\n\t\t<meta property=\"article:modified_time\" content=\"2025-01-27T20:18:07+00:00\" \/>\n\t\t<meta name=\"twitter:card\" content=\"summary_large_image\" \/>\n\t\t<meta name=\"twitter:title\" content=\"Nietypowe zadania domowe - SP Katarzyna\" \/>\n\t\t<meta name=\"twitter:description\" content=\"W tym miejscu mo\u017cna obejrze\u0107 ciekawe i nietypowe prace naszych uczni\u00f3w z r\u00f3\u017cnych przedmiot\u00f3w. J\u0119zyk niemiecki Edukacja wczesnoszkolnaBezpieczne ferie \u2013 Laura Tomalkiewicz 3aBezpieczne ferie \u2013 Ma\u0142gorzata G\u00f3ral 3aBezpieczne ferie \u2013 Kalina Pietras 3aBezpieczne ferie \u2013 Emil Makowiecki 3aBezpieczne ferie \u2013 Emilia Pokorny 3aEdukacja wczesnoszkolnaPrzepis na dobr\u0105 zabaw\u0119 z nutk\u0105 wyobra\u017ani.Po lekcji, na kt\u00f3rej rozmawiali\u015bmy o\" \/>\n\t\t<script type=\"application\/ld+json\" class=\"aioseo-schema\">\n\t\t\t{\"@context\":\"https:\\\/\\\/schema.org\",\"@graph\":[{\"@type\":\"BreadcrumbList\",\"@id\":\"https:\\\/\\\/www.spkatarzyna.pl\\\/index.php\\\/nietypowe-zadania-domowe\\\/#breadcrumblist\",\"itemListElement\":[{\"@type\":\"ListItem\",\"@id\":\"https:\\\/\\\/www.spkatarzyna.pl#listItem\",\"position\":1,\"name\":\"Dom\",\"item\":\"https:\\\/\\\/www.spkatarzyna.pl\",\"nextItem\":{\"@type\":\"ListItem\",\"@id\":\"https:\\\/\\\/www.spkatarzyna.pl\\\/index.php\\\/nietypowe-zadania-domowe\\\/#listItem\",\"name\":\"Nietypowe zadania domowe\"}},{\"@type\":\"ListItem\",\"@id\":\"https:\\\/\\\/www.spkatarzyna.pl\\\/index.php\\\/nietypowe-zadania-domowe\\\/#listItem\",\"position\":2,\"name\":\"Nietypowe zadania domowe\",\"previousItem\":{\"@type\":\"ListItem\",\"@id\":\"https:\\\/\\\/www.spkatarzyna.pl#listItem\",\"name\":\"Dom\"}}]},{\"@type\":\"Organization\",\"@id\":\"https:\\\/\\\/www.spkatarzyna.pl\\\/#organization\",\"name\":\"SP Katarzyna\",\"description\":\"Publiczna Szko\\u0142a Podstawowa w \\u015awi\\u0119tej Katarzynie\",\"url\":\"https:\\\/\\\/www.spkatarzyna.pl\\\/\",\"telephone\":\"+48713116378\",\"sameAs\":[\"https:\\\/\\\/facebook.com\\\/\",\"https:\\\/\\\/x.com\\\/\",\"https:\\\/\\\/instagram.com\\\/\",\"https:\\\/\\\/pinterest.com\\\/\",\"https:\\\/\\\/youtube.com\\\/\",\"https:\\\/\\\/linkedin.com\\\/in\\\/\"]},{\"@type\":\"WebPage\",\"@id\":\"https:\\\/\\\/www.spkatarzyna.pl\\\/index.php\\\/nietypowe-zadania-domowe\\\/#webpage\",\"url\":\"https:\\\/\\\/www.spkatarzyna.pl\\\/index.php\\\/nietypowe-zadania-domowe\\\/\",\"name\":\"Nietypowe zadania domowe - SP Katarzyna\",\"description\":\"W tym miejscu mo\\u017cna obejrze\\u0107 ciekawe i nietypowe prace naszych uczni\\u00f3w z r\\u00f3\\u017cnych przedmiot\\u00f3w. J\\u0119zyk niemiecki Edukacja wczesnoszkolnaBezpieczne ferie \\u2013 Laura Tomalkiewicz 3aBezpieczne ferie \\u2013 Ma\\u0142gorzata G\\u00f3ral 3aBezpieczne ferie \\u2013 Kalina Pietras 3aBezpieczne ferie \\u2013 Emil Makowiecki 3aBezpieczne ferie \\u2013 Emilia Pokorny 3aEdukacja wczesnoszkolnaPrzepis na dobr\\u0105 zabaw\\u0119 z nutk\\u0105 wyobra\\u017ani.Po lekcji, na kt\\u00f3rej rozmawiali\\u015bmy o\",\"inLanguage\":\"pl-PL\",\"isPartOf\":{\"@id\":\"https:\\\/\\\/www.spkatarzyna.pl\\\/#website\"},\"breadcrumb\":{\"@id\":\"https:\\\/\\\/www.spkatarzyna.pl\\\/index.php\\\/nietypowe-zadania-domowe\\\/#breadcrumblist\"},\"datePublished\":\"2022-11-06T19:36:50+01:00\",\"dateModified\":\"2025-01-27T20:18:07+01:00\"},{\"@type\":\"WebSite\",\"@id\":\"https:\\\/\\\/www.spkatarzyna.pl\\\/#website\",\"url\":\"https:\\\/\\\/www.spkatarzyna.pl\\\/\",\"name\":\"SP Katarzyna\",\"description\":\"Publiczna Szko\\u0142a Podstawowa w \\u015awi\\u0119tej Katarzynie\",\"inLanguage\":\"pl-PL\",\"publisher\":{\"@id\":\"https:\\\/\\\/www.spkatarzyna.pl\\\/#organization\"}}]}\n\t\t<\/script>\n\t\t<!-- All in One SEO -->\n\n","aioseo_head_json":{"title":"Nietypowe zadania domowe - SP Katarzyna","description":"W tym miejscu mo\u017cna obejrze\u0107 ciekawe i nietypowe prace naszych uczni\u00f3w z r\u00f3\u017cnych przedmiot\u00f3w. J\u0119zyk niemiecki Edukacja wczesnoszkolnaBezpieczne ferie \u2013 Laura Tomalkiewicz 3aBezpieczne ferie \u2013 Ma\u0142gorzata G\u00f3ral 3aBezpieczne ferie \u2013 Kalina Pietras 3aBezpieczne ferie \u2013 Emil Makowiecki 3aBezpieczne ferie \u2013 Emilia Pokorny 3aEdukacja wczesnoszkolnaPrzepis na dobr\u0105 zabaw\u0119 z nutk\u0105 wyobra\u017ani.Po lekcji, na kt\u00f3rej rozmawiali\u015bmy o","canonical_url":"https:\/\/www.spkatarzyna.pl\/index.php\/nietypowe-zadania-domowe\/","robots":"max-image-preview:large","keywords":"","webmasterTools":{"miscellaneous":""},"schema":{"@context":"https:\/\/schema.org","@graph":[{"@type":"BreadcrumbList","@id":"https:\/\/www.spkatarzyna.pl\/index.php\/nietypowe-zadania-domowe\/#breadcrumblist","itemListElement":[{"@type":"ListItem","@id":"https:\/\/www.spkatarzyna.pl#listItem","position":1,"name":"Dom","item":"https:\/\/www.spkatarzyna.pl","nextItem":{"@type":"ListItem","@id":"https:\/\/www.spkatarzyna.pl\/index.php\/nietypowe-zadania-domowe\/#listItem","name":"Nietypowe zadania domowe"}},{"@type":"ListItem","@id":"https:\/\/www.spkatarzyna.pl\/index.php\/nietypowe-zadania-domowe\/#listItem","position":2,"name":"Nietypowe zadania domowe","previousItem":{"@type":"ListItem","@id":"https:\/\/www.spkatarzyna.pl#listItem","name":"Dom"}}]},{"@type":"Organization","@id":"https:\/\/www.spkatarzyna.pl\/#organization","name":"SP Katarzyna","description":"Publiczna Szko\u0142a Podstawowa w \u015awi\u0119tej Katarzynie","url":"https:\/\/www.spkatarzyna.pl\/","telephone":"+48713116378","sameAs":["https:\/\/facebook.com\/","https:\/\/x.com\/","https:\/\/instagram.com\/","https:\/\/pinterest.com\/","https:\/\/youtube.com\/","https:\/\/linkedin.com\/in\/"]},{"@type":"WebPage","@id":"https:\/\/www.spkatarzyna.pl\/index.php\/nietypowe-zadania-domowe\/#webpage","url":"https:\/\/www.spkatarzyna.pl\/index.php\/nietypowe-zadania-domowe\/","name":"Nietypowe zadania domowe - SP Katarzyna","description":"W tym miejscu mo\u017cna obejrze\u0107 ciekawe i nietypowe prace naszych uczni\u00f3w z r\u00f3\u017cnych przedmiot\u00f3w. J\u0119zyk niemiecki Edukacja wczesnoszkolnaBezpieczne ferie \u2013 Laura Tomalkiewicz 3aBezpieczne ferie \u2013 Ma\u0142gorzata G\u00f3ral 3aBezpieczne ferie \u2013 Kalina Pietras 3aBezpieczne ferie \u2013 Emil Makowiecki 3aBezpieczne ferie \u2013 Emilia Pokorny 3aEdukacja wczesnoszkolnaPrzepis na dobr\u0105 zabaw\u0119 z nutk\u0105 wyobra\u017ani.Po lekcji, na kt\u00f3rej rozmawiali\u015bmy o","inLanguage":"pl-PL","isPartOf":{"@id":"https:\/\/www.spkatarzyna.pl\/#website"},"breadcrumb":{"@id":"https:\/\/www.spkatarzyna.pl\/index.php\/nietypowe-zadania-domowe\/#breadcrumblist"},"datePublished":"2022-11-06T19:36:50+01:00","dateModified":"2025-01-27T20:18:07+01:00"},{"@type":"WebSite","@id":"https:\/\/www.spkatarzyna.pl\/#website","url":"https:\/\/www.spkatarzyna.pl\/","name":"SP Katarzyna","description":"Publiczna Szko\u0142a Podstawowa w \u015awi\u0119tej Katarzynie","inLanguage":"pl-PL","publisher":{"@id":"https:\/\/www.spkatarzyna.pl\/#organization"}}]},"og:locale":"pl_PL","og:site_name":"SP Katarzyna - Publiczna Szko\u0142a Podstawowa w \u015awi\u0119tej Katarzynie","og:type":"article","og:title":"Nietypowe zadania domowe - SP Katarzyna","og:description":"W tym miejscu mo\u017cna obejrze\u0107 ciekawe i nietypowe prace naszych uczni\u00f3w z r\u00f3\u017cnych przedmiot\u00f3w. J\u0119zyk niemiecki Edukacja wczesnoszkolnaBezpieczne ferie \u2013 Laura Tomalkiewicz 3aBezpieczne ferie \u2013 Ma\u0142gorzata G\u00f3ral 3aBezpieczne ferie \u2013 Kalina Pietras 3aBezpieczne ferie \u2013 Emil Makowiecki 3aBezpieczne ferie \u2013 Emilia Pokorny 3aEdukacja wczesnoszkolnaPrzepis na dobr\u0105 zabaw\u0119 z nutk\u0105 wyobra\u017ani.Po lekcji, na kt\u00f3rej rozmawiali\u015bmy o","og:url":"https:\/\/www.spkatarzyna.pl\/index.php\/nietypowe-zadania-domowe\/","article:published_time":"2022-11-06T19:36:50+00:00","article:modified_time":"2025-01-27T20:18:07+00:00","twitter:card":"summary_large_image","twitter:title":"Nietypowe zadania domowe - SP Katarzyna","twitter:description":"W tym miejscu mo\u017cna obejrze\u0107 ciekawe i nietypowe prace naszych uczni\u00f3w z r\u00f3\u017cnych przedmiot\u00f3w. J\u0119zyk niemiecki Edukacja wczesnoszkolnaBezpieczne ferie \u2013 Laura Tomalkiewicz 3aBezpieczne ferie \u2013 Ma\u0142gorzata G\u00f3ral 3aBezpieczne ferie \u2013 Kalina Pietras 3aBezpieczne ferie \u2013 Emil Makowiecki 3aBezpieczne ferie \u2013 Emilia Pokorny 3aEdukacja wczesnoszkolnaPrzepis na dobr\u0105 zabaw\u0119 z nutk\u0105 wyobra\u017ani.Po lekcji, na kt\u00f3rej rozmawiali\u015bmy o"},"aioseo_meta_data":{"post_id":"2619","title":null,"description":null,"keywords":null,"keyphrases":{"focus":{"keyphrase":"","score":0,"analysis":{"keyphraseInTitle":{"score":0,"maxScore":9,"error":1}}},"additional":[]},"primary_term":null,"canonical_url":null,"og_title":null,"og_description":null,"og_object_type":"default","og_image_type":"default","og_image_url":null,"og_image_width":null,"og_image_height":null,"og_image_custom_url":null,"og_image_custom_fields":null,"og_video":"","og_custom_url":null,"og_article_section":null,"og_article_tags":null,"twitter_use_og":false,"twitter_card":"default","twitter_image_type":"default","twitter_image_url":null,"twitter_image_custom_url":null,"twitter_image_custom_fields":null,"twitter_title":null,"twitter_description":null,"schema":{"blockGraphs":[],"customGraphs":[],"default":{"data":{"Article":[],"Course":[],"Dataset":[],"FAQPage":[],"Movie":[],"Person":[],"Product":[],"ProductReview":[],"Car":[],"Recipe":[],"Service":[],"SoftwareApplication":[],"WebPage":[]},"graphName":"WebPage","isEnabled":true},"graphs":[]},"schema_type":"default","schema_type_options":null,"pillar_content":false,"robots_default":true,"robots_noindex":false,"robots_noarchive":false,"robots_nosnippet":false,"robots_nofollow":false,"robots_noimageindex":false,"robots_noodp":false,"robots_notranslate":false,"robots_max_snippet":"-1","robots_max_videopreview":"-1","robots_max_imagepreview":"large","priority":null,"frequency":"default","local_seo":null,"limit_modified_date":false,"created":"2024-04-03 07:03:48","updated":"2026-09-03 13:42:50","focus_keyword":null,"additional_keywords":null,"truseo_locale":null,"ai":null,"breadcrumb_settings":null,"seo_analyzer_scan_date":null},"aioseo_breadcrumb":"<div class=\"aioseo-breadcrumbs\"><span class=\"aioseo-breadcrumb\">\n\t\t\t<a href=\"https:\/\/www.spkatarzyna.pl\" title=\"Dom\">Dom<\/a>\n\t\t<\/span><span class=\"aioseo-breadcrumb-separator\">&raquo;<\/span><span class=\"aioseo-breadcrumb\">\n\t\t\tNietypowe zadania domowe\n\t\t<\/span><\/div>","aioseo_breadcrumb_json":[{"label":"Dom","link":"https:\/\/www.spkatarzyna.pl"},{"label":"Nietypowe zadania domowe","link":"https:\/\/www.spkatarzyna.pl\/index.php\/nietypowe-zadania-domowe\/"}],"_links":{"self":[{"href":"https:\/\/www.spkatarzyna.pl\/index.php\/wp-json\/wp\/v2\/pages\/2619","targetHints":{"allow":["GET"]}}],"collection":[{"href":"https:\/\/www.spkatarzyna.pl\/index.php\/wp-json\/wp\/v2\/pages"}],"about":[{"href":"https:\/\/www.spkatarzyna.pl\/index.php\/wp-json\/wp\/v2\/types\/page"}],"author":[{"embeddable":true,"href":"https:\/\/www.spkatarzyna.pl\/index.php\/wp-json\/wp\/v2\/users\/6"}],"replies":[{"embeddable":true,"href":"https:\/\/www.spkatarzyna.pl\/index.php\/wp-json\/wp\/v2\/comments?post=2619"}],"version-history":[{"count":77,"href":"https:\/\/www.spkatarzyna.pl\/index.php\/wp-json\/wp\/v2\/pages\/2619\/revisions"}],"predecessor-version":[{"id":14014,"href":"https:\/\/www.spkatarzyna.pl\/index.php\/wp-json\/wp\/v2\/pages\/2619\/revisions\/14014"}],"wp:attachment":[{"href":"https:\/\/www.spkatarzyna.pl\/index.php\/wp-json\/wp\/v2\/media?parent=2619"}],"curies":[{"name":"wp","href":"https:\/\/api.w.org\/{rel}","templated":true}]}}