{"id":2867,"date":"2022-11-16T15:34:08","date_gmt":"2022-11-16T15:34:08","guid":{"rendered":"http:\/\/www.spkatarzyna.pl\/?page_id=2867"},"modified":"2024-10-21T20:56:17","modified_gmt":"2024-10-21T20:56:17","slug":"wolontariat","status":"publish","type":"page","link":"https:\/\/www.spkatarzyna.pl\/index.php\/wolontariat\/","title":{"rendered":"Wolontariat"},"content":{"rendered":"<p style=\"text-align: center;\"><span style=\"font-size: 14pt;\"><span style=\"color: #800000;\"><strong><em>Szkolne Ko\u0142o Caritas <\/em><\/strong><\/span><span style=\"color: #800000;\"><strong><em>i Szkolne Ko\u0142o Wolontariatu<\/em><\/strong><\/span><\/span><\/p>\n<p style=\"text-align: center;\"><span style=\"font-size: 14pt; color: #800000;\"><strong><em>w Publicznej Szkole Podstawowej im.&nbsp; Kardyna\u0142a Stefana Wyszy\u0144skiego \u2013 Prymasa Tysi\u0105clecia w \u015awi\u0119tej Katarzynie na rok szkolny 2024\/2025r.<\/em><\/strong><\/span><\/p>\n<p>&nbsp;<\/p>\n<p>&nbsp;<\/p>\n<ul>\n<li><span style=\"font-size: 14pt;\"><a href=\"http:\/\/www.spkatarzyna.pl\/wp-content\/uploads\/2023\/11\/SKC_Regulamin.pdf\">REGULAMIN SZKOLNEGO KO\u0141A CARITAS<\/a><\/span><\/li>\n<li><a href=\"https:\/\/www.spkatarzyna.pl\/wp-content\/uploads\/2024\/10\/REGULAMIN-SZKOLNEGO-WOLONTARIATU-2024.docx.pdf\"><span style=\"font-size: 14pt;\">REGULAMIN SZKOLNEGO KO\u0141A WOLONTARIATU&nbsp;<\/span><\/a><\/li>\n<li><span style=\"font-size: 14pt;\"><a href=\"https:\/\/www.spkatarzyna.pl\/wp-content\/uploads\/2024\/10\/zgoda-wolontariat.docx.pdf\">ZGODA RODZIC\u00d3W (OPIEKUN\u00d3W) NA UDZIA\u0141 W SZKOLNYM KOLE WOLONTARIATU<\/a><\/span><\/li>\n<li><span style=\"font-size: 14pt;\"><a href=\"http:\/\/www.spkatarzyna.pl\/wp-content\/uploads\/2023\/11\/SKC_Zgoda_ATA.pdf\">ZGODA RODZIC\u00d3W (OPIEKUN\u00d3W) NA UDZIA\u0141 UCZNIA W SZKOLNYM KOLE CARITAS <\/a><\/span><\/li>\n<li><span style=\"font-size: 14pt;\"><a href=\"http:\/\/www.spkatarzyna.pl\/wp-content\/uploads\/2023\/11\/SKC_FORMULARZ-deklaracja_wolontariusza_zgoda_RODO.pdf\">DEKLARACJA WOLONTARIUSZA SZKOLNEGO KO\u0141A CARITAS<\/a><\/span><\/li>\n<\/ul>\n<p><em>&nbsp;<\/em><\/p>\n<p>&nbsp;<\/p>\n","protected":false},"excerpt":{"rendered":"<p>Szkolne Ko\u0142o Caritas i Szkolne Ko\u0142o Wolontariatu w Publicznej Szkole Podstawowej im.&nbsp; Kardyna\u0142a Stefana Wyszy\u0144skiego \u2013 Prymasa Tysi\u0105clecia w \u015awi\u0119tej Katarzynie na rok szkolny 2024\/2025r. &nbsp; &nbsp; REGULAMIN SZKOLNEGO KO\u0141A CARITAS REGULAMIN SZKOLNEGO KO\u0141A WOLONTARIATU&nbsp; ZGODA RODZIC\u00d3W (OPIEKUN\u00d3W) NA UDZIA\u0141 W SZKOLNYM KOLE WOLONTARIATU ZGODA RODZIC\u00d3W (OPIEKUN\u00d3W) NA UDZIA\u0141 UCZNIA [&hellip;]<\/p>\n","protected":false},"author":6,"featured_media":0,"parent":0,"menu_order":0,"comment_status":"closed","ping_status":"closed","template":"","meta":{"om_disable_all_campaigns":false,"_monsterinsights_skip_tracking":false,"ngg_post_thumbnail":0,"footnotes":""},"class_list":["post-2867","page","type-page","status-publish","hentry"],"aioseo_notices":[],"aioseo_head":"\n\t\t<!-- All in One SEO 5.0.1.1 - aioseo.com -->\n\t<meta name=\"description\" content=\"Szkolne Ko\u0142o Caritas i Szkolne Ko\u0142o Wolontariatu w Publicznej Szkole Podstawowej im. Kardyna\u0142a Stefana Wyszy\u0144skiego \u2013 Prymasa Tysi\u0105clecia w \u015awi\u0119tej Katarzynie na rok szkolny 2024\/2025r. REGULAMIN SZKOLNEGO KO\u0141A CARITAS REGULAMIN SZKOLNEGO KO\u0141A WOLONTARIATU ZGODA RODZIC\u00d3W (OPIEKUN\u00d3W) NA UDZIA\u0141 W SZKOLNYM KOLE WOLONTARIATU ZGODA RODZIC\u00d3W (OPIEKUN\u00d3W) NA UDZIA\u0141 UCZNIA W SZKOLNYM KOLE CARITAS DEKLARACJA\" \/>\n\t<meta name=\"robots\" content=\"max-image-preview:large\" \/>\n\t<link rel=\"canonical\" href=\"https:\/\/www.spkatarzyna.pl\/index.php\/wolontariat\/\" \/>\n\t<meta name=\"generator\" content=\"All in One SEO (AIOSEO) 5.0.1.1\" \/>\n\t\t<meta property=\"og:locale\" content=\"pl_PL\" \/>\n\t\t<meta property=\"og:site_name\" content=\"SP Katarzyna - Publiczna Szko\u0142a Podstawowa w \u015awi\u0119tej Katarzynie\" \/>\n\t\t<meta property=\"og:type\" content=\"article\" \/>\n\t\t<meta property=\"og:title\" content=\"Wolontariat - SP Katarzyna\" \/>\n\t\t<meta property=\"og:description\" content=\"Szkolne Ko\u0142o Caritas i Szkolne Ko\u0142o Wolontariatu w Publicznej Szkole Podstawowej im. Kardyna\u0142a Stefana Wyszy\u0144skiego \u2013 Prymasa Tysi\u0105clecia w \u015awi\u0119tej Katarzynie na rok szkolny 2024\/2025r. REGULAMIN SZKOLNEGO KO\u0141A CARITAS REGULAMIN SZKOLNEGO KO\u0141A WOLONTARIATU ZGODA RODZIC\u00d3W (OPIEKUN\u00d3W) NA UDZIA\u0141 W SZKOLNYM KOLE WOLONTARIATU ZGODA RODZIC\u00d3W (OPIEKUN\u00d3W) NA UDZIA\u0141 UCZNIA W SZKOLNYM KOLE CARITAS DEKLARACJA\" \/>\n\t\t<meta property=\"og:url\" content=\"https:\/\/www.spkatarzyna.pl\/index.php\/wolontariat\/\" \/>\n\t\t<meta property=\"article:published_time\" content=\"2022-11-16T15:34:08+00:00\" \/>\n\t\t<meta property=\"article:modified_time\" content=\"2024-10-21T20:56:17+00:00\" \/>\n\t\t<meta name=\"twitter:card\" content=\"summary_large_image\" \/>\n\t\t<meta name=\"twitter:title\" content=\"Wolontariat - SP Katarzyna\" \/>\n\t\t<meta name=\"twitter:description\" content=\"Szkolne Ko\u0142o Caritas i Szkolne Ko\u0142o Wolontariatu w Publicznej Szkole Podstawowej im. Kardyna\u0142a Stefana Wyszy\u0144skiego \u2013 Prymasa Tysi\u0105clecia w \u015awi\u0119tej Katarzynie na rok szkolny 2024\/2025r. REGULAMIN SZKOLNEGO KO\u0141A CARITAS REGULAMIN SZKOLNEGO KO\u0141A WOLONTARIATU ZGODA RODZIC\u00d3W (OPIEKUN\u00d3W) NA UDZIA\u0141 W SZKOLNYM KOLE WOLONTARIATU ZGODA RODZIC\u00d3W (OPIEKUN\u00d3W) NA UDZIA\u0141 UCZNIA W SZKOLNYM KOLE CARITAS DEKLARACJA\" \/>\n\t\t<script type=\"application\/ld+json\" class=\"aioseo-schema\">\n\t\t\t{\"@context\":\"https:\\\/\\\/schema.org\",\"@graph\":[{\"@type\":\"BreadcrumbList\",\"@id\":\"https:\\\/\\\/www.spkatarzyna.pl\\\/index.php\\\/wolontariat\\\/#breadcrumblist\",\"itemListElement\":[{\"@type\":\"ListItem\",\"@id\":\"https:\\\/\\\/www.spkatarzyna.pl#listItem\",\"position\":1,\"name\":\"Dom\",\"item\":\"https:\\\/\\\/www.spkatarzyna.pl\",\"nextItem\":{\"@type\":\"ListItem\",\"@id\":\"https:\\\/\\\/www.spkatarzyna.pl\\\/index.php\\\/wolontariat\\\/#listItem\",\"name\":\"Wolontariat\"}},{\"@type\":\"ListItem\",\"@id\":\"https:\\\/\\\/www.spkatarzyna.pl\\\/index.php\\\/wolontariat\\\/#listItem\",\"position\":2,\"name\":\"Wolontariat\",\"previousItem\":{\"@type\":\"ListItem\",\"@id\":\"https:\\\/\\\/www.spkatarzyna.pl#listItem\",\"name\":\"Dom\"}}]},{\"@type\":\"Organization\",\"@id\":\"https:\\\/\\\/www.spkatarzyna.pl\\\/#organization\",\"name\":\"SP Katarzyna\",\"description\":\"Publiczna Szko\\u0142a Podstawowa w \\u015awi\\u0119tej Katarzynie\",\"url\":\"https:\\\/\\\/www.spkatarzyna.pl\\\/\",\"telephone\":\"+48713116378\",\"sameAs\":[\"https:\\\/\\\/facebook.com\\\/\",\"https:\\\/\\\/x.com\\\/\",\"https:\\\/\\\/instagram.com\\\/\",\"https:\\\/\\\/pinterest.com\\\/\",\"https:\\\/\\\/youtube.com\\\/\",\"https:\\\/\\\/linkedin.com\\\/in\\\/\"]},{\"@type\":\"WebPage\",\"@id\":\"https:\\\/\\\/www.spkatarzyna.pl\\\/index.php\\\/wolontariat\\\/#webpage\",\"url\":\"https:\\\/\\\/www.spkatarzyna.pl\\\/index.php\\\/wolontariat\\\/\",\"name\":\"Wolontariat - SP Katarzyna\",\"description\":\"Szkolne Ko\\u0142o Caritas i Szkolne Ko\\u0142o Wolontariatu w Publicznej Szkole Podstawowej im. Kardyna\\u0142a Stefana Wyszy\\u0144skiego \\u2013 Prymasa Tysi\\u0105clecia w \\u015awi\\u0119tej Katarzynie na rok szkolny 2024\\\/2025r. REGULAMIN SZKOLNEGO KO\\u0141A CARITAS REGULAMIN SZKOLNEGO KO\\u0141A WOLONTARIATU ZGODA RODZIC\\u00d3W (OPIEKUN\\u00d3W) NA UDZIA\\u0141 W SZKOLNYM KOLE WOLONTARIATU ZGODA RODZIC\\u00d3W (OPIEKUN\\u00d3W) NA UDZIA\\u0141 UCZNIA W SZKOLNYM KOLE CARITAS DEKLARACJA\",\"inLanguage\":\"pl-PL\",\"isPartOf\":{\"@id\":\"https:\\\/\\\/www.spkatarzyna.pl\\\/#website\"},\"breadcrumb\":{\"@id\":\"https:\\\/\\\/www.spkatarzyna.pl\\\/index.php\\\/wolontariat\\\/#breadcrumblist\"},\"datePublished\":\"2022-11-16T15:34:08+01:00\",\"dateModified\":\"2024-10-21T20:56:17+02:00\"},{\"@type\":\"WebSite\",\"@id\":\"https:\\\/\\\/www.spkatarzyna.pl\\\/#website\",\"url\":\"https:\\\/\\\/www.spkatarzyna.pl\\\/\",\"name\":\"SP Katarzyna\",\"description\":\"Publiczna Szko\\u0142a Podstawowa w \\u015awi\\u0119tej Katarzynie\",\"inLanguage\":\"pl-PL\",\"publisher\":{\"@id\":\"https:\\\/\\\/www.spkatarzyna.pl\\\/#organization\"}}]}\n\t\t<\/script>\n\t\t<!-- All in One SEO -->\n\n","aioseo_head_json":{"title":"Wolontariat - SP Katarzyna","description":"Szkolne Ko\u0142o Caritas i Szkolne Ko\u0142o Wolontariatu w Publicznej Szkole Podstawowej im. Kardyna\u0142a Stefana Wyszy\u0144skiego \u2013 Prymasa Tysi\u0105clecia w \u015awi\u0119tej Katarzynie na rok szkolny 2024\/2025r. REGULAMIN SZKOLNEGO KO\u0141A CARITAS REGULAMIN SZKOLNEGO KO\u0141A WOLONTARIATU ZGODA RODZIC\u00d3W (OPIEKUN\u00d3W) NA UDZIA\u0141 W SZKOLNYM KOLE WOLONTARIATU ZGODA RODZIC\u00d3W (OPIEKUN\u00d3W) NA UDZIA\u0141 UCZNIA W SZKOLNYM KOLE CARITAS DEKLARACJA","canonical_url":"https:\/\/www.spkatarzyna.pl\/index.php\/wolontariat\/","robots":"max-image-preview:large","keywords":"","webmasterTools":{"miscellaneous":""},"schema":{"@context":"https:\/\/schema.org","@graph":[{"@type":"BreadcrumbList","@id":"https:\/\/www.spkatarzyna.pl\/index.php\/wolontariat\/#breadcrumblist","itemListElement":[{"@type":"ListItem","@id":"https:\/\/www.spkatarzyna.pl#listItem","position":1,"name":"Dom","item":"https:\/\/www.spkatarzyna.pl","nextItem":{"@type":"ListItem","@id":"https:\/\/www.spkatarzyna.pl\/index.php\/wolontariat\/#listItem","name":"Wolontariat"}},{"@type":"ListItem","@id":"https:\/\/www.spkatarzyna.pl\/index.php\/wolontariat\/#listItem","position":2,"name":"Wolontariat","previousItem":{"@type":"ListItem","@id":"https:\/\/www.spkatarzyna.pl#listItem","name":"Dom"}}]},{"@type":"Organization","@id":"https:\/\/www.spkatarzyna.pl\/#organization","name":"SP Katarzyna","description":"Publiczna Szko\u0142a Podstawowa w \u015awi\u0119tej Katarzynie","url":"https:\/\/www.spkatarzyna.pl\/","telephone":"+48713116378","sameAs":["https:\/\/facebook.com\/","https:\/\/x.com\/","https:\/\/instagram.com\/","https:\/\/pinterest.com\/","https:\/\/youtube.com\/","https:\/\/linkedin.com\/in\/"]},{"@type":"WebPage","@id":"https:\/\/www.spkatarzyna.pl\/index.php\/wolontariat\/#webpage","url":"https:\/\/www.spkatarzyna.pl\/index.php\/wolontariat\/","name":"Wolontariat - SP Katarzyna","description":"Szkolne Ko\u0142o Caritas i Szkolne Ko\u0142o Wolontariatu w Publicznej Szkole Podstawowej im. Kardyna\u0142a Stefana Wyszy\u0144skiego \u2013 Prymasa Tysi\u0105clecia w \u015awi\u0119tej Katarzynie na rok szkolny 2024\/2025r. REGULAMIN SZKOLNEGO KO\u0141A CARITAS REGULAMIN SZKOLNEGO KO\u0141A WOLONTARIATU ZGODA RODZIC\u00d3W (OPIEKUN\u00d3W) NA UDZIA\u0141 W SZKOLNYM KOLE WOLONTARIATU ZGODA RODZIC\u00d3W (OPIEKUN\u00d3W) NA UDZIA\u0141 UCZNIA W SZKOLNYM KOLE CARITAS DEKLARACJA","inLanguage":"pl-PL","isPartOf":{"@id":"https:\/\/www.spkatarzyna.pl\/#website"},"breadcrumb":{"@id":"https:\/\/www.spkatarzyna.pl\/index.php\/wolontariat\/#breadcrumblist"},"datePublished":"2022-11-16T15:34:08+01:00","dateModified":"2024-10-21T20:56:17+02:00"},{"@type":"WebSite","@id":"https:\/\/www.spkatarzyna.pl\/#website","url":"https:\/\/www.spkatarzyna.pl\/","name":"SP Katarzyna","description":"Publiczna Szko\u0142a Podstawowa w \u015awi\u0119tej Katarzynie","inLanguage":"pl-PL","publisher":{"@id":"https:\/\/www.spkatarzyna.pl\/#organization"}}]},"og:locale":"pl_PL","og:site_name":"SP Katarzyna - Publiczna Szko\u0142a Podstawowa w \u015awi\u0119tej Katarzynie","og:type":"article","og:title":"Wolontariat - SP Katarzyna","og:description":"Szkolne Ko\u0142o Caritas i Szkolne Ko\u0142o Wolontariatu w Publicznej Szkole Podstawowej im. Kardyna\u0142a Stefana Wyszy\u0144skiego \u2013 Prymasa Tysi\u0105clecia w \u015awi\u0119tej Katarzynie na rok szkolny 2024\/2025r. REGULAMIN SZKOLNEGO KO\u0141A CARITAS REGULAMIN SZKOLNEGO KO\u0141A WOLONTARIATU ZGODA RODZIC\u00d3W (OPIEKUN\u00d3W) NA UDZIA\u0141 W SZKOLNYM KOLE WOLONTARIATU ZGODA RODZIC\u00d3W (OPIEKUN\u00d3W) NA UDZIA\u0141 UCZNIA W SZKOLNYM KOLE CARITAS DEKLARACJA","og:url":"https:\/\/www.spkatarzyna.pl\/index.php\/wolontariat\/","article:published_time":"2022-11-16T15:34:08+00:00","article:modified_time":"2024-10-21T20:56:17+00:00","twitter:card":"summary_large_image","twitter:title":"Wolontariat - SP Katarzyna","twitter:description":"Szkolne Ko\u0142o Caritas i Szkolne Ko\u0142o Wolontariatu w Publicznej Szkole Podstawowej im. Kardyna\u0142a Stefana Wyszy\u0144skiego \u2013 Prymasa Tysi\u0105clecia w \u015awi\u0119tej Katarzynie na rok szkolny 2024\/2025r. REGULAMIN SZKOLNEGO KO\u0141A CARITAS REGULAMIN SZKOLNEGO KO\u0141A WOLONTARIATU ZGODA RODZIC\u00d3W (OPIEKUN\u00d3W) NA UDZIA\u0141 W SZKOLNYM KOLE WOLONTARIATU ZGODA RODZIC\u00d3W (OPIEKUN\u00d3W) NA UDZIA\u0141 UCZNIA W SZKOLNYM KOLE CARITAS DEKLARACJA"},"aioseo_meta_data":{"post_id":"2867","title":null,"description":null,"keywords":null,"keyphrases":{"focus":{"keyphrase":"","score":0,"analysis":{"keyphraseInTitle":{"score":0,"maxScore":9,"error":1}}},"additional":[]},"primary_term":null,"canonical_url":null,"og_title":null,"og_description":null,"og_object_type":"default","og_image_type":"default","og_image_url":null,"og_image_width":null,"og_image_height":null,"og_image_custom_url":null,"og_image_custom_fields":null,"og_video":"","og_custom_url":null,"og_article_section":null,"og_article_tags":null,"twitter_use_og":false,"twitter_card":"default","twitter_image_type":"default","twitter_image_url":null,"twitter_image_custom_url":null,"twitter_image_custom_fields":null,"twitter_title":null,"twitter_description":null,"schema":{"blockGraphs":[],"customGraphs":[],"default":{"data":{"Article":[],"Course":[],"Dataset":[],"FAQPage":[],"Movie":[],"Person":[],"Product":[],"ProductReview":[],"Car":[],"Recipe":[],"Service":[],"SoftwareApplication":[],"WebPage":[]},"graphName":"WebPage","isEnabled":true},"graphs":[]},"schema_type":"default","schema_type_options":null,"pillar_content":false,"robots_default":true,"robots_noindex":false,"robots_noarchive":false,"robots_nosnippet":false,"robots_nofollow":false,"robots_noimageindex":false,"robots_noodp":false,"robots_notranslate":false,"robots_max_snippet":"-1","robots_max_videopreview":"-1","robots_max_imagepreview":"large","priority":null,"frequency":"default","local_seo":null,"limit_modified_date":false,"created":"2024-04-03 07:03:49","updated":"2026-09-03 13:44:15","focus_keyword":null,"additional_keywords":null,"truseo_locale":null,"ai":null,"breadcrumb_settings":null,"seo_analyzer_scan_date":null},"aioseo_breadcrumb":"<div class=\"aioseo-breadcrumbs\"><span class=\"aioseo-breadcrumb\">\n\t\t\t<a href=\"https:\/\/www.spkatarzyna.pl\" title=\"Dom\">Dom<\/a>\n\t\t<\/span><span class=\"aioseo-breadcrumb-separator\">&raquo;<\/span><span class=\"aioseo-breadcrumb\">\n\t\t\tWolontariat\n\t\t<\/span><\/div>","aioseo_breadcrumb_json":[{"label":"Dom","link":"https:\/\/www.spkatarzyna.pl"},{"label":"Wolontariat","link":"https:\/\/www.spkatarzyna.pl\/index.php\/wolontariat\/"}],"_links":{"self":[{"href":"https:\/\/www.spkatarzyna.pl\/index.php\/wp-json\/wp\/v2\/pages\/2867","targetHints":{"allow":["GET"]}}],"collection":[{"href":"https:\/\/www.spkatarzyna.pl\/index.php\/wp-json\/wp\/v2\/pages"}],"about":[{"href":"https:\/\/www.spkatarzyna.pl\/index.php\/wp-json\/wp\/v2\/types\/page"}],"author":[{"embeddable":true,"href":"https:\/\/www.spkatarzyna.pl\/index.php\/wp-json\/wp\/v2\/users\/6"}],"replies":[{"embeddable":true,"href":"https:\/\/www.spkatarzyna.pl\/index.php\/wp-json\/wp\/v2\/comments?post=2867"}],"version-history":[{"count":6,"href":"https:\/\/www.spkatarzyna.pl\/index.php\/wp-json\/wp\/v2\/pages\/2867\/revisions"}],"predecessor-version":[{"id":12104,"href":"https:\/\/www.spkatarzyna.pl\/index.php\/wp-json\/wp\/v2\/pages\/2867\/revisions\/12104"}],"wp:attachment":[{"href":"https:\/\/www.spkatarzyna.pl\/index.php\/wp-json\/wp\/v2\/media?parent=2867"}],"curies":[{"name":"wp","href":"https:\/\/api.w.org\/{rel}","templated":true}]}}